{"id":108,"date":"2024-11-26T23:38:14","date_gmt":"2024-11-26T22:38:14","guid":{"rendered":"https:\/\/tirolerinnern.at\/kirchbichl\/?page_id=108"},"modified":"2025-04-19T19:56:28","modified_gmt":"2025-04-19T17:56:28","slug":"kapitel-1","status":"publish","type":"page","link":"https:\/\/tirolerinnern.at\/kirchbichl\/kapitel-1\/","title":{"rendered":"Kapitel 1"},"content":{"rendered":"\t\t<div data-elementor-type=\"wp-page\" data-elementor-id=\"108\" class=\"elementor elementor-108\">\n\t\t\t\t<div class=\"elementor-element elementor-element-4a58393 e-flex e-con-boxed e-con e-parent\" data-id=\"4a58393\" data-element_type=\"container\" data-settings=\"{&quot;background_background&quot;:&quot;classic&quot;,&quot;animation&quot;:&quot;none&quot;}\">\n\t\t\t\t\t<div class=\"e-con-inner\">\n\t\t\t\t<div class=\"elementor-element elementor-element-9ec8619 elementor-widget elementor-widget-heading\" data-id=\"9ec8619\" data-element_type=\"widget\" data-widget_type=\"heading.default\">\n\t\t\t\t<div class=\"elementor-widget-container\">\n\t\t\t<h2 class=\"elementor-heading-title elementor-size-default\">Was geschah in Kirchbichl?<\/h2>\t\t<\/div>\n\t\t\t\t<\/div>\n\t\t\t\t\t<\/div>\n\t\t\t\t<\/div>\n\t\t<div class=\"elementor-element elementor-element-df8fef8 e-flex e-con-boxed e-con e-parent\" data-id=\"df8fef8\" data-element_type=\"container\" data-settings=\"{&quot;background_background&quot;:&quot;classic&quot;}\">\n\t\t\t\t\t<div class=\"e-con-inner\">\n\t\t\t\t<div class=\"elementor-element elementor-element-41e569d elementor-widget elementor-widget-heading\" data-id=\"41e569d\" data-element_type=\"widget\" data-widget_type=\"heading.default\">\n\t\t\t\t<div class=\"elementor-widget-container\">\n\t\t\t<h2 class=\"elementor-heading-title elementor-size-default\">Das Innkraftwerk Kirchbichl<\/h2>\t\t<\/div>\n\t\t\t\t<\/div>\n\t\t\t\t<div class=\"elementor-element elementor-element-2cc6c4d elementor-widget elementor-widget-text-editor\" data-id=\"2cc6c4d\" data-element_type=\"widget\" data-widget_type=\"text-editor.default\">\n\t\t\t\t<div class=\"elementor-widget-container\">\n\t\t\t\t\t\t\t<p>Der Bau des Laufkraftwerks durch die heutige Tiroler Wasserkraft AG (TIWAG) erfolgt von 1938 bis 1941. Nach dem Kriegsbeginn im September 1939 werden viele Zwangsarbeiter und Kriegsgefangene auf der Baustelle eingesetzt. Ende November arbeiten rund tausend M\u00e4nner auf der Baustelle, in etwa ein Drittel von ihnen sind Ausl\u00e4nder.<\/p>\t\t\t\t\t\t<\/div>\n\t\t\t\t<\/div>\n\t\t\t\t\t<\/div>\n\t\t\t\t<\/div>\n\t\t<div class=\"elementor-element elementor-element-17c9675 e-flex e-con-boxed e-con e-parent\" data-id=\"17c9675\" data-element_type=\"container\" data-settings=\"{&quot;background_background&quot;:&quot;classic&quot;}\">\n\t\t\t\t\t<div class=\"e-con-inner\">\n\t\t<div class=\"elementor-element elementor-element-b45467b e-con-full e-flex e-con e-child\" data-id=\"b45467b\" data-element_type=\"container\" data-settings=\"{&quot;background_background&quot;:&quot;classic&quot;}\">\n\t\t\t\t<div class=\"elementor-element elementor-element-2516361 elementor-widget elementor-widget-image\" data-id=\"2516361\" data-element_type=\"widget\" data-widget_type=\"image.default\">\n\t\t\t\t<div class=\"elementor-widget-container\">\n\t\t\t\t\t\t\t\t\t\t\t\t\t<img fetchpriority=\"high\" decoding=\"async\" width=\"1024\" height=\"726\" src=\"https:\/\/tirolerinnern.at\/kirchbichl\/wp-content\/uploads\/sites\/2\/2024\/11\/Kraftwerk-Blickrichtung-Osten.jpg\" class=\"attachment-large size-large wp-image-165\" alt=\"\" srcset=\"https:\/\/tirolerinnern.at\/kirchbichl\/wp-content\/uploads\/sites\/2\/2024\/11\/Kraftwerk-Blickrichtung-Osten.jpg 1024w, https:\/\/tirolerinnern.at\/kirchbichl\/wp-content\/uploads\/sites\/2\/2024\/11\/Kraftwerk-Blickrichtung-Osten-300x213.jpg 300w, https:\/\/tirolerinnern.at\/kirchbichl\/wp-content\/uploads\/sites\/2\/2024\/11\/Kraftwerk-Blickrichtung-Osten-768x545.jpg 768w\" sizes=\"(max-width: 1024px) 100vw, 1024px\" \/>\t\t\t\t\t\t\t\t\t\t\t\t\t<\/div>\n\t\t\t\t<\/div>\n\t\t\t\t<div class=\"elementor-element elementor-element-7ad23ea elementor-widget elementor-widget-text-editor\" data-id=\"7ad23ea\" data-element_type=\"widget\" data-widget_type=\"text-editor.default\">\n\t\t\t\t<div class=\"elementor-widget-container\">\n\t\t\t\t\t\t\t<p>Das Krafthaus mit Blickrichtung Osten im Bau \u2026<\/p>\t\t\t\t\t\t<\/div>\n\t\t\t\t<\/div>\n\t\t\t\t<div class=\"elementor-element elementor-element-ff61ea9 elementor-widget elementor-widget-n-accordion\" data-id=\"ff61ea9\" data-element_type=\"widget\" data-settings=\"{&quot;default_state&quot;:&quot;all_collapsed&quot;,&quot;max_items_expended&quot;:&quot;one&quot;,&quot;n_accordion_animation_duration&quot;:{&quot;unit&quot;:&quot;ms&quot;,&quot;size&quot;:400,&quot;sizes&quot;:[]}}\" data-widget_type=\"nested-accordion.default\">\n\t\t\t\t<div class=\"elementor-widget-container\">\n\t\t\t\t\t<div class=\"e-n-accordion\" aria-label=\"Accordion. Open links with Enter or Space, close with Escape, and navigate with Arrow Keys\">\n\t\t\t\t\t\t<details id=\"e-n-accordion-item-2670\" class=\"e-n-accordion-item\" >\n\t\t\t\t<summary class=\"e-n-accordion-item-title\" data-accordion-index=\"1\" tabindex=\"0\" aria-expanded=\"false\" aria-controls=\"e-n-accordion-item-2670\" >\n\t\t\t\t\t<span class='e-n-accordion-item-title-header'><div class=\"e-n-accordion-item-title-text\">  <\/div><\/span>\n\t\t\t\t\t\t\t<span class='e-n-accordion-item-title-icon'>\n\t\t\t<span class='e-opened' ><svg aria-hidden=\"true\" class=\"e-font-icon-svg e-far-arrow-alt-circle-up\" viewBox=\"0 0 512 512\" xmlns=\"http:\/\/www.w3.org\/2000\/svg\"><path d=\"M256 504c137 0 248-111 248-248S393 8 256 8 8 119 8 256s111 248 248 248zm0-448c110.5 0 200 89.5 200 200s-89.5 200-200 200S56 366.5 56 256 145.5 56 256 56zm20 328h-40c-6.6 0-12-5.4-12-12V256h-67c-10.7 0-16-12.9-8.5-20.5l99-99c4.7-4.7 12.3-4.7 17 0l99 99c7.6 7.6 2.2 20.5-8.5 20.5h-67v116c0 6.6-5.4 12-12 12z\"><\/path><\/svg><\/span>\n\t\t\t<span class='e-closed'><svg aria-hidden=\"true\" class=\"e-font-icon-svg e-fas-info-circle\" viewBox=\"0 0 512 512\" xmlns=\"http:\/\/www.w3.org\/2000\/svg\"><path d=\"M256 8C119.043 8 8 119.083 8 256c0 136.997 111.043 248 248 248s248-111.003 248-248C504 119.083 392.957 8 256 8zm0 110c23.196 0 42 18.804 42 42s-18.804 42-42 42-42-18.804-42-42 18.804-42 42-42zm56 254c0 6.627-5.373 12-12 12h-88c-6.627 0-12-5.373-12-12v-24c0-6.627 5.373-12 12-12h12v-64h-12c-6.627 0-12-5.373-12-12v-24c0-6.627 5.373-12 12-12h64c6.627 0 12 5.373 12 12v100h12c6.627 0 12 5.373 12 12v24z\"><\/path><\/svg><\/span>\n\t\t<\/span>\n\n\t\t\t\t\t\t<\/summary>\n\t\t\t\t<div role=\"region\" aria-labelledby=\"e-n-accordion-item-2670\" class=\"elementor-element elementor-element-25b280f e-con-full e-flex e-con e-child\" data-id=\"25b280f\" data-element_type=\"container\">\n\t\t\t\t<div class=\"elementor-element elementor-element-94b0609 elementor-widget elementor-widget-text-editor\" data-id=\"94b0609\" data-element_type=\"widget\" data-widget_type=\"text-editor.default\">\n\t\t\t\t<div class=\"elementor-widget-container\">\n\t\t\t\t\t\t\t<p>Quelle:<br \/>Wehrbau im Inn bei Kirchbichl, \u00d6sterreich, 1939-1940, Berlin-Brandenburgisches Wirtschaftsarchiv e.V.<br \/><span style=\"text-decoration: underline\"><a href=\"https:\/\/www.deutsche-digitale-bibliothek.de\/item\/P7WS5DAC35TBHUIANUT56ULERNKAWTEO\">https:\/\/www.deutsche-digitale-bibliothek.de\/item\/P7WS5DAC35TBHUIANUT56ULERNKAWTEO<\/a><\/span><\/p>\t\t\t\t\t\t<\/div>\n\t\t\t\t<\/div>\n\t\t\t\t<\/div>\n\t\t\t\t\t<\/details>\n\t\t\t\t\t<\/div>\n\t\t\t\t<\/div>\n\t\t\t\t<\/div>\n\t\t\t\t<div class=\"elementor-element elementor-element-2db6159 elementor-widget elementor-widget-qi_addons_for_elementor_before_after\" data-id=\"2db6159\" data-element_type=\"widget\" data-widget_type=\"qi_addons_for_elementor_before_after.default\">\n\t\t\t\t<div class=\"elementor-widget-container\">\n\t\t\t<div class=\"qodef-shortcode qodef-m  qodef-qi-before-after qodef--horizontal\">\n\t<div class=\"qodef-before-after-image-holder qodef-m-image\" data-offset=\"50\">\n\t\t<img decoding=\"async\" width=\"1024\" height=\"726\" src=\"https:\/\/tirolerinnern.at\/kirchbichl\/wp-content\/uploads\/sites\/2\/2024\/11\/Kraftwerk-Blickrichtung-Westen.jpg\" class=\"attachment-full size-full\" alt=\"\" srcset=\"https:\/\/tirolerinnern.at\/kirchbichl\/wp-content\/uploads\/sites\/2\/2024\/11\/Kraftwerk-Blickrichtung-Westen.jpg 1024w, https:\/\/tirolerinnern.at\/kirchbichl\/wp-content\/uploads\/sites\/2\/2024\/11\/Kraftwerk-Blickrichtung-Westen-300x213.jpg 300w, https:\/\/tirolerinnern.at\/kirchbichl\/wp-content\/uploads\/sites\/2\/2024\/11\/Kraftwerk-Blickrichtung-Westen-768x545.jpg 768w\" sizes=\"(max-width: 1024px) 100vw, 1024px\" \/><img decoding=\"async\" width=\"1024\" height=\"726\" src=\"https:\/\/tirolerinnern.at\/kirchbichl\/wp-content\/uploads\/sites\/2\/2024\/11\/Kraftwerk-heute.jpg\" class=\"attachment-full size-full\" alt=\"\" srcset=\"https:\/\/tirolerinnern.at\/kirchbichl\/wp-content\/uploads\/sites\/2\/2024\/11\/Kraftwerk-heute.jpg 1024w, https:\/\/tirolerinnern.at\/kirchbichl\/wp-content\/uploads\/sites\/2\/2024\/11\/Kraftwerk-heute-300x213.jpg 300w, https:\/\/tirolerinnern.at\/kirchbichl\/wp-content\/uploads\/sites\/2\/2024\/11\/Kraftwerk-heute-768x545.jpg 768w\" sizes=\"(max-width: 1024px) 100vw, 1024px\" \/>\t<\/div>\n\t\t\t<div class=\"qodef-handle-text\">\n\t\t\t1940\/2024\t\t<\/div>\n\t<\/div>\n\t\t<\/div>\n\t\t\t\t<\/div>\n\t\t\t\t<div class=\"elementor-element elementor-element-ef05686 elementor-widget elementor-widget-text-editor\" data-id=\"ef05686\" data-element_type=\"widget\" data-widget_type=\"text-editor.default\">\n\t\t\t\t<div class=\"elementor-widget-container\">\n\t\t\t\t\t\t\t<p>\u2026 mit Blickrichtung Westen unmittelbar nach der Fertigstellung und heute.<\/p>\t\t\t\t\t\t<\/div>\n\t\t\t\t<\/div>\n\t\t\t\t<div class=\"elementor-element elementor-element-00c8e79 elementor-widget elementor-widget-n-accordion\" data-id=\"00c8e79\" data-element_type=\"widget\" data-settings=\"{&quot;default_state&quot;:&quot;all_collapsed&quot;,&quot;max_items_expended&quot;:&quot;one&quot;,&quot;n_accordion_animation_duration&quot;:{&quot;unit&quot;:&quot;ms&quot;,&quot;size&quot;:400,&quot;sizes&quot;:[]}}\" data-widget_type=\"nested-accordion.default\">\n\t\t\t\t<div class=\"elementor-widget-container\">\n\t\t\t\t\t<div class=\"e-n-accordion\" aria-label=\"Accordion. Open links with Enter or Space, close with Escape, and navigate with Arrow Keys\">\n\t\t\t\t\t\t<details id=\"e-n-accordion-item-8220\" class=\"e-n-accordion-item\" >\n\t\t\t\t<summary class=\"e-n-accordion-item-title\" data-accordion-index=\"1\" tabindex=\"0\" aria-expanded=\"false\" aria-controls=\"e-n-accordion-item-8220\" >\n\t\t\t\t\t<span class='e-n-accordion-item-title-header'><div class=\"e-n-accordion-item-title-text\">  <\/div><\/span>\n\t\t\t\t\t\t\t<span class='e-n-accordion-item-title-icon'>\n\t\t\t<span class='e-opened' ><svg aria-hidden=\"true\" class=\"e-font-icon-svg e-far-arrow-alt-circle-up\" viewBox=\"0 0 512 512\" xmlns=\"http:\/\/www.w3.org\/2000\/svg\"><path d=\"M256 504c137 0 248-111 248-248S393 8 256 8 8 119 8 256s111 248 248 248zm0-448c110.5 0 200 89.5 200 200s-89.5 200-200 200S56 366.5 56 256 145.5 56 256 56zm20 328h-40c-6.6 0-12-5.4-12-12V256h-67c-10.7 0-16-12.9-8.5-20.5l99-99c4.7-4.7 12.3-4.7 17 0l99 99c7.6 7.6 2.2 20.5-8.5 20.5h-67v116c0 6.6-5.4 12-12 12z\"><\/path><\/svg><\/span>\n\t\t\t<span class='e-closed'><svg aria-hidden=\"true\" class=\"e-font-icon-svg e-fas-info-circle\" viewBox=\"0 0 512 512\" xmlns=\"http:\/\/www.w3.org\/2000\/svg\"><path d=\"M256 8C119.043 8 8 119.083 8 256c0 136.997 111.043 248 248 248s248-111.003 248-248C504 119.083 392.957 8 256 8zm0 110c23.196 0 42 18.804 42 42s-18.804 42-42 42-42-18.804-42-42 18.804-42 42-42zm56 254c0 6.627-5.373 12-12 12h-88c-6.627 0-12-5.373-12-12v-24c0-6.627 5.373-12 12-12h12v-64h-12c-6.627 0-12-5.373-12-12v-24c0-6.627 5.373-12 12-12h64c6.627 0 12 5.373 12 12v100h12c6.627 0 12 5.373 12 12v24z\"><\/path><\/svg><\/span>\n\t\t<\/span>\n\n\t\t\t\t\t\t<\/summary>\n\t\t\t\t<div role=\"region\" aria-labelledby=\"e-n-accordion-item-8220\" class=\"elementor-element elementor-element-a6f871d e-con-full e-flex e-con e-child\" data-id=\"a6f871d\" data-element_type=\"container\">\n\t\t\t\t<div class=\"elementor-element elementor-element-b1e5fe2 elementor-widget elementor-widget-text-editor\" data-id=\"b1e5fe2\" data-element_type=\"widget\" data-widget_type=\"text-editor.default\">\n\t\t\t\t<div class=\"elementor-widget-container\">\n\t\t\t\t\t\t\t<p>Quelle:\u00a0<br \/>Links: Wehrbau im Inn bei Kirchbichl, \u00d6sterreich, 1939-1940, Berlin-Brandenburgisches Wirtschaftsarchiv e.V.<br \/><span style=\"text-decoration: underline\"><a href=\"https:\/\/www.deutsche-digitale-bibliothek.de\/item\/HO53EOPLCTFHR4G6F2BJ37ZW5HPE6NXQ\">https:\/\/www.deutsche-digitale-bibliothek.de\/item\/HO53EOPLCTFHR4G6F2BJ37ZW5HPE6NXQ<\/a><\/span><br \/>Rechts: tirol:erinnern<\/p>\t\t\t\t\t\t<\/div>\n\t\t\t\t<\/div>\n\t\t\t\t<\/div>\n\t\t\t\t\t<\/details>\n\t\t\t\t\t<\/div>\n\t\t\t\t<\/div>\n\t\t\t\t<\/div>\n\t\t\t\t<\/div>\n\t\t\t\t\t<\/div>\n\t\t\t\t<\/div>\n\t\t<div class=\"elementor-element elementor-element-0dd9b22 e-flex e-con-boxed e-con e-parent\" data-id=\"0dd9b22\" data-element_type=\"container\" data-settings=\"{&quot;background_background&quot;:&quot;classic&quot;}\">\n\t\t\t\t\t<div class=\"e-con-inner\">\n\t\t\t\t<div class=\"elementor-element elementor-element-8fe2b2a elementor-widget elementor-widget-heading\" data-id=\"8fe2b2a\" data-element_type=\"widget\" data-widget_type=\"heading.default\">\n\t\t\t\t<div class=\"elementor-widget-container\">\n\t\t\t<h2 class=\"elementor-heading-title elementor-size-default\">Das Polenlager<\/h2>\t\t<\/div>\n\t\t\t\t<\/div>\n\t\t\t\t\t<\/div>\n\t\t\t\t<\/div>\n\t\t<div class=\"elementor-element elementor-element-9dda44f e-flex e-con-boxed e-con e-parent\" data-id=\"9dda44f\" data-element_type=\"container\" data-settings=\"{&quot;background_background&quot;:&quot;classic&quot;}\">\n\t\t\t\t\t<div class=\"e-con-inner\">\n\t\t<div class=\"elementor-element elementor-element-a637b85 e-con-full e-flex e-con e-child\" data-id=\"a637b85\" data-element_type=\"container\" data-settings=\"{&quot;background_background&quot;:&quot;classic&quot;}\">\n\t\t\t\t<div class=\"elementor-element elementor-element-40ca5ad elementor-widget elementor-widget-image\" data-id=\"40ca5ad\" data-element_type=\"widget\" data-widget_type=\"image.default\">\n\t\t\t\t<div class=\"elementor-widget-container\">\n\t\t\t\t\t\t\t\t\t\t\t\t\t<img loading=\"lazy\" decoding=\"async\" width=\"1024\" height=\"709\" src=\"https:\/\/tirolerinnern.at\/kirchbichl\/wp-content\/uploads\/sites\/2\/2024\/11\/A2-1024.jpg\" class=\"attachment-large size-large wp-image-227\" alt=\"\" srcset=\"https:\/\/tirolerinnern.at\/kirchbichl\/wp-content\/uploads\/sites\/2\/2024\/11\/A2-1024.jpg 1024w, https:\/\/tirolerinnern.at\/kirchbichl\/wp-content\/uploads\/sites\/2\/2024\/11\/A2-1024-300x208.jpg 300w, https:\/\/tirolerinnern.at\/kirchbichl\/wp-content\/uploads\/sites\/2\/2024\/11\/A2-1024-768x532.jpg 768w\" sizes=\"(max-width: 1024px) 100vw, 1024px\" \/>\t\t\t\t\t\t\t\t\t\t\t\t\t<\/div>\n\t\t\t\t<\/div>\n\t\t\t\t<div class=\"elementor-element elementor-element-ea4ab7d elementor-widget elementor-widget-text-editor\" data-id=\"ea4ab7d\" data-element_type=\"widget\" data-widget_type=\"text-editor.default\">\n\t\t\t\t<div class=\"elementor-widget-container\">\n\t\t\t\t\t\t\t<p>Die ausl\u00e4ndischen Arbeiter sind in einem Barackenlager untergebracht. Die meisten M\u00e4nner stammen aus Polen, daher wird es als \u201ePolenlager\u201c bezeichnet. Es besteht aus Wohnbaracken mit angegliederten Waschr\u00e4umen. In einer Baracke sind die K\u00fcche sowie ein Speiseraum untergebracht.<\/p><p>Das Innkraftwerk geht im Herbst 1941 in Betrieb. Die Zahl der Arbeitskr\u00e4fte wird danach verringert, weil nur noch kleinere Arbeiten verrichtet werden. Das \u201ePolenlager\u201c wird aufgelassen. Die verbleibenden Arbeiter werden in das \u201eLager am Wehr\u201c verlegt.<\/p>\t\t\t\t\t\t<\/div>\n\t\t\t\t<\/div>\n\t\t\t\t<div class=\"elementor-element elementor-element-68c90bb elementor-widget elementor-widget-n-accordion\" data-id=\"68c90bb\" data-element_type=\"widget\" data-settings=\"{&quot;default_state&quot;:&quot;all_collapsed&quot;,&quot;max_items_expended&quot;:&quot;one&quot;,&quot;n_accordion_animation_duration&quot;:{&quot;unit&quot;:&quot;ms&quot;,&quot;size&quot;:400,&quot;sizes&quot;:[]}}\" data-widget_type=\"nested-accordion.default\">\n\t\t\t\t<div class=\"elementor-widget-container\">\n\t\t\t\t\t<div class=\"e-n-accordion\" aria-label=\"Accordion. Open links with Enter or Space, close with Escape, and navigate with Arrow Keys\">\n\t\t\t\t\t\t<details id=\"e-n-accordion-item-1090\" class=\"e-n-accordion-item\" >\n\t\t\t\t<summary class=\"e-n-accordion-item-title\" data-accordion-index=\"1\" tabindex=\"0\" aria-expanded=\"false\" aria-controls=\"e-n-accordion-item-1090\" >\n\t\t\t\t\t<span class='e-n-accordion-item-title-header'><div class=\"e-n-accordion-item-title-text\"> Mehr zu Zwangsarbeit <\/div><\/span>\n\t\t\t\t\t\t\t<span class='e-n-accordion-item-title-icon'>\n\t\t\t<span class='e-opened' ><svg aria-hidden=\"true\" class=\"e-font-icon-svg e-fas-minus\" viewBox=\"0 0 448 512\" xmlns=\"http:\/\/www.w3.org\/2000\/svg\"><path d=\"M416 208H32c-17.67 0-32 14.33-32 32v32c0 17.67 14.33 32 32 32h384c17.67 0 32-14.33 32-32v-32c0-17.67-14.33-32-32-32z\"><\/path><\/svg><\/span>\n\t\t\t<span class='e-closed'><svg aria-hidden=\"true\" class=\"e-font-icon-svg e-fas-plus\" viewBox=\"0 0 448 512\" xmlns=\"http:\/\/www.w3.org\/2000\/svg\"><path d=\"M416 208H272V64c0-17.67-14.33-32-32-32h-32c-17.67 0-32 14.33-32 32v144H32c-17.67 0-32 14.33-32 32v32c0 17.67 14.33 32 32 32h144v144c0 17.67 14.33 32 32 32h32c17.67 0 32-14.33 32-32V304h144c17.67 0 32-14.33 32-32v-32c0-17.67-14.33-32-32-32z\"><\/path><\/svg><\/span>\n\t\t<\/span>\n\n\t\t\t\t\t\t<\/summary>\n\t\t\t\t<div role=\"region\" aria-labelledby=\"e-n-accordion-item-1090\" class=\"elementor-element elementor-element-6881f43 e-con-full e-flex e-con e-child\" data-id=\"6881f43\" data-element_type=\"container\">\n\t\t\t\t<div class=\"elementor-element elementor-element-d23365a elementor-widget elementor-widget-text-editor\" data-id=\"d23365a\" data-element_type=\"widget\" data-widget_type=\"text-editor.default\">\n\t\t\t\t<div class=\"elementor-widget-container\">\n\t\t\t\t\t\t\t<p>W\u00e4hrend des Krieges gibt es einen gewaltigen Mangel an Arbeitskr\u00e4ften. Viele M\u00e4nner m\u00fcssen einr\u00fccken. R\u00fcstungsfabriken und Betriebe, die f\u00fcr die Kriegswirtschaft wichtig sind, brauchen dringend ArbeiterInnen. Auch in der Landwirtschaft fehlt Personal. Der Nationalsozialismus hilft sich mit einem der gr\u00f6\u00dften Zwangsarbeits-Systeme der Geschichte: \u00dcber zwanzig Millionen ausl\u00e4ndische Arbeitskr\u00e4fte und Kriegsgefangene m\u00fcssen im Verlauf des Zweiten Weltkriegs f\u00fcr NS-Deutschland arbeiten.<\/p><p>In Tirol profitieren gro\u00dfe wie kleine Betriebe der Privatwirtschaft. Sie k\u00f6nnen ihre Arbeitsauftr\u00e4ge nur mit Hilfe von ZwangsarbeiterInnen ausf\u00fchren. Die Unternehmen m\u00fcssen diesen Arbeitskr\u00e4ften viel weniger Lohn bezahlen und sichern sich dadurch hohe Gewinne. Auf Bauernh\u00f6fen sorgen ZwangsarbeiterInnen f\u00fcr die Einbringung der Ernte. Auch die Gemeinden setzen sie f\u00fcr den Bau von Stra\u00dfen und Wohnungen ein. Das Land Tirol und seine Bev\u00f6lkerung profitiert bis heute von dieser Zwangsarbeit.<\/p>\t\t\t\t\t\t<\/div>\n\t\t\t\t<\/div>\n\t\t\t\t<\/div>\n\t\t\t\t\t<\/details>\n\t\t\t\t\t<\/div>\n\t\t\t\t<\/div>\n\t\t\t\t<\/div>\n\t\t\t\t<div class=\"elementor-element elementor-element-2e9d45b elementor-widget elementor-widget-image\" data-id=\"2e9d45b\" data-element_type=\"widget\" data-widget_type=\"image.default\">\n\t\t\t\t<div class=\"elementor-widget-container\">\n\t\t\t\t\t\t\t\t\t\t\t\t\t<img loading=\"lazy\" decoding=\"async\" width=\"1024\" height=\"1013\" src=\"https:\/\/tirolerinnern.at\/kirchbichl\/wp-content\/uploads\/sites\/2\/2024\/12\/Momentumgut-S109-1024-V2.jpg\" class=\"attachment-large size-large wp-image-887\" alt=\"\" srcset=\"https:\/\/tirolerinnern.at\/kirchbichl\/wp-content\/uploads\/sites\/2\/2024\/12\/Momentumgut-S109-1024-V2.jpg 1024w, https:\/\/tirolerinnern.at\/kirchbichl\/wp-content\/uploads\/sites\/2\/2024\/12\/Momentumgut-S109-1024-V2-300x297.jpg 300w, https:\/\/tirolerinnern.at\/kirchbichl\/wp-content\/uploads\/sites\/2\/2024\/12\/Momentumgut-S109-1024-V2-768x760.jpg 768w\" sizes=\"(max-width: 1024px) 100vw, 1024px\" \/>\t\t\t\t\t\t\t\t\t\t\t\t\t<\/div>\n\t\t\t\t<\/div>\n\t\t\t\t<div class=\"elementor-element elementor-element-33984c7 elementor-widget elementor-widget-text-editor\" data-id=\"33984c7\" data-element_type=\"widget\" data-widget_type=\"text-editor.default\">\n\t\t\t\t<div class=\"elementor-widget-container\">\n\t\t\t\t\t\t\t<p>Hier siehst du, wo sich die beiden Zwangsarbeits- und Kriegsgefangenenlager befinden, eingetragen auf einem Luftbild vom 10. April 1945.<\/p>\t\t\t\t\t\t<\/div>\n\t\t\t\t<\/div>\n\t\t\t\t<div class=\"elementor-element elementor-element-5361195 elementor-widget elementor-widget-n-accordion\" data-id=\"5361195\" data-element_type=\"widget\" data-settings=\"{&quot;default_state&quot;:&quot;all_collapsed&quot;,&quot;max_items_expended&quot;:&quot;one&quot;,&quot;n_accordion_animation_duration&quot;:{&quot;unit&quot;:&quot;ms&quot;,&quot;size&quot;:400,&quot;sizes&quot;:[]}}\" data-widget_type=\"nested-accordion.default\">\n\t\t\t\t<div class=\"elementor-widget-container\">\n\t\t\t\t\t<div class=\"e-n-accordion\" aria-label=\"Accordion. Open links with Enter or Space, close with Escape, and navigate with Arrow Keys\">\n\t\t\t\t\t\t<details id=\"e-n-accordion-item-8740\" class=\"e-n-accordion-item\" >\n\t\t\t\t<summary class=\"e-n-accordion-item-title\" data-accordion-index=\"1\" tabindex=\"0\" aria-expanded=\"false\" aria-controls=\"e-n-accordion-item-8740\" >\n\t\t\t\t\t<span class='e-n-accordion-item-title-header'><div class=\"e-n-accordion-item-title-text\">  <\/div><\/span>\n\t\t\t\t\t\t\t<span class='e-n-accordion-item-title-icon'>\n\t\t\t<span class='e-opened' ><svg aria-hidden=\"true\" class=\"e-font-icon-svg e-far-arrow-alt-circle-up\" viewBox=\"0 0 512 512\" xmlns=\"http:\/\/www.w3.org\/2000\/svg\"><path d=\"M256 504c137 0 248-111 248-248S393 8 256 8 8 119 8 256s111 248 248 248zm0-448c110.5 0 200 89.5 200 200s-89.5 200-200 200S56 366.5 56 256 145.5 56 256 56zm20 328h-40c-6.6 0-12-5.4-12-12V256h-67c-10.7 0-16-12.9-8.5-20.5l99-99c4.7-4.7 12.3-4.7 17 0l99 99c7.6 7.6 2.2 20.5-8.5 20.5h-67v116c0 6.6-5.4 12-12 12z\"><\/path><\/svg><\/span>\n\t\t\t<span class='e-closed'><svg aria-hidden=\"true\" class=\"e-font-icon-svg e-fas-info-circle\" viewBox=\"0 0 512 512\" xmlns=\"http:\/\/www.w3.org\/2000\/svg\"><path d=\"M256 8C119.043 8 8 119.083 8 256c0 136.997 111.043 248 248 248s248-111.003 248-248C504 119.083 392.957 8 256 8zm0 110c23.196 0 42 18.804 42 42s-18.804 42-42 42-42-18.804-42-42 18.804-42 42-42zm56 254c0 6.627-5.373 12-12 12h-88c-6.627 0-12-5.373-12-12v-24c0-6.627 5.373-12 12-12h12v-64h-12c-6.627 0-12-5.373-12-12v-24c0-6.627 5.373-12 12-12h64c6.627 0 12 5.373 12 12v100h12c6.627 0 12 5.373 12 12v24z\"><\/path><\/svg><\/span>\n\t\t<\/span>\n\n\t\t\t\t\t\t<\/summary>\n\t\t\t\t<div role=\"region\" aria-labelledby=\"e-n-accordion-item-8740\" class=\"elementor-element elementor-element-7c28a1e e-con-full e-flex e-con e-child\" data-id=\"7c28a1e\" data-element_type=\"container\">\n\t\t\t\t<div class=\"elementor-element elementor-element-6242d49 elementor-widget elementor-widget-text-editor\" data-id=\"6242d49\" data-element_type=\"widget\" data-widget_type=\"text-editor.default\">\n\t\t\t\t<div class=\"elementor-widget-container\">\n\t\t\t\t\t\t\t<p>Quelle:<br \/>Arch\u00e4ologie der Zwangsarbeit \u2013 Das \u201eLager am Wehr\u201c und das \u201ePolenlager\u201c beim Innkraftwerk in Kirchbichl, Tirol <br \/><span style=\"text-decoration: underline\"><a href=\"http:\/\/monumentgut.at\/wp-content\/uploads\/2024\/06\/Archaeologie-der-Zwangsarbeit.pdf\">http:\/\/monumentgut.at\/wp-content\/uploads\/2024\/06\/Archaeologie-der-Zwangsarbeit.pdf<\/a><\/span><\/p>\t\t\t\t\t\t<\/div>\n\t\t\t\t<\/div>\n\t\t\t\t<\/div>\n\t\t\t\t\t<\/details>\n\t\t\t\t\t<\/div>\n\t\t\t\t<\/div>\n\t\t\t\t<\/div>\n\t\t\t\t<\/div>\n\t\t\t\t\t<\/div>\n\t\t\t\t<\/div>\n\t\t<div class=\"elementor-element elementor-element-0e71e77 e-flex e-con-boxed e-con e-parent\" data-id=\"0e71e77\" data-element_type=\"container\" data-settings=\"{&quot;background_background&quot;:&quot;classic&quot;}\">\n\t\t\t\t\t<div class=\"e-con-inner\">\n\t\t\t\t<div class=\"elementor-element elementor-element-f544fc9 elementor-widget elementor-widget-heading\" data-id=\"f544fc9\" data-element_type=\"widget\" data-widget_type=\"heading.default\">\n\t\t\t\t<div class=\"elementor-widget-container\">\n\t\t\t<h2 class=\"elementor-heading-title elementor-size-default\">Kontaktverbot<\/h2>\t\t<\/div>\n\t\t\t\t<\/div>\n\t\t\t\t<div class=\"elementor-element elementor-element-dffcfdd elementor-widget elementor-widget-text-editor\" data-id=\"dffcfdd\" data-element_type=\"widget\" data-widget_type=\"text-editor.default\">\n\t\t\t\t<div class=\"elementor-widget-container\">\n\t\t\t\t\t\t\t<p>Die Nationalsozialisten erlassen harte Verhaltensregeln f\u00fcr ZwangsarbeiterInnen und die einheimische Bev\u00f6lkerung. Pers\u00f6nliche Kontakte sind strengstens untersagt. Fliegen Freundschaften auf, gibt es brutale Strafen. Auf Liebesbeziehungen mit deutschen Frauen steht f\u00fcr Polen und sogenannte \u201eOstarbeiter\u201c (ehemalige Staatsb\u00fcrger der Sowjetunion) die Todesstrafe.\u00a0Die einheimischen Frauen werden mit Gef\u00e4ngnis oder Lagerhaft bestraft.<\/p>\t\t\t\t\t\t<\/div>\n\t\t\t\t<\/div>\n\t\t\t\t\t<\/div>\n\t\t\t\t<\/div>\n\t\t<div class=\"elementor-element elementor-element-e3e69d8 e-flex e-con-boxed e-con e-parent\" data-id=\"e3e69d8\" data-element_type=\"container\" data-settings=\"{&quot;background_background&quot;:&quot;classic&quot;}\">\n\t\t\t\t\t<div class=\"e-con-inner\">\n\t\t<div class=\"elementor-element elementor-element-f45960a e-con-full e-flex e-con e-child\" data-id=\"f45960a\" data-element_type=\"container\" data-settings=\"{&quot;background_background&quot;:&quot;classic&quot;}\">\n\t\t\t\t<div class=\"elementor-element elementor-element-40aed97 elementor-widget elementor-widget-qi_addons_for_elementor_before_after\" data-id=\"40aed97\" data-element_type=\"widget\" data-widget_type=\"qi_addons_for_elementor_before_after.default\">\n\t\t\t\t<div class=\"elementor-widget-container\">\n\t\t\t<div class=\"qodef-shortcode qodef-m  qodef-qi-before-after qodef--horizontal\">\n\t<div class=\"qodef-before-after-image-holder qodef-m-image\" data-offset=\"50\">\n\t\t<img loading=\"lazy\" decoding=\"async\" width=\"1024\" height=\"354\" src=\"https:\/\/tirolerinnern.at\/kirchbichl\/wp-content\/uploads\/sites\/2\/2024\/11\/A3a-1024.jpg\" class=\"attachment-full size-full\" alt=\"\" srcset=\"https:\/\/tirolerinnern.at\/kirchbichl\/wp-content\/uploads\/sites\/2\/2024\/11\/A3a-1024.jpg 1024w, https:\/\/tirolerinnern.at\/kirchbichl\/wp-content\/uploads\/sites\/2\/2024\/11\/A3a-1024-300x104.jpg 300w, https:\/\/tirolerinnern.at\/kirchbichl\/wp-content\/uploads\/sites\/2\/2024\/11\/A3a-1024-768x266.jpg 768w\" sizes=\"(max-width: 1024px) 100vw, 1024px\" \/><img loading=\"lazy\" decoding=\"async\" width=\"1024\" height=\"354\" src=\"https:\/\/tirolerinnern.at\/kirchbichl\/wp-content\/uploads\/sites\/2\/2024\/11\/A3b-1024.jpg\" class=\"attachment-full size-full\" alt=\"\" srcset=\"https:\/\/tirolerinnern.at\/kirchbichl\/wp-content\/uploads\/sites\/2\/2024\/11\/A3b-1024.jpg 1024w, https:\/\/tirolerinnern.at\/kirchbichl\/wp-content\/uploads\/sites\/2\/2024\/11\/A3b-1024-300x104.jpg 300w, https:\/\/tirolerinnern.at\/kirchbichl\/wp-content\/uploads\/sites\/2\/2024\/11\/A3b-1024-768x266.jpg 768w\" sizes=\"(max-width: 1024px) 100vw, 1024px\" \/>\t<\/div>\n\t\t\t<div class=\"qodef-handle-text\">\n\t\t\tZiehen\t\t<\/div>\n\t<\/div>\n\t\t<\/div>\n\t\t\t\t<\/div>\n\t\t\t\t<div class=\"elementor-element elementor-element-906a619 elementor-widget elementor-widget-text-editor\" data-id=\"906a619\" data-element_type=\"widget\" data-widget_type=\"text-editor.default\">\n\t\t\t\t<div class=\"elementor-widget-container\">\n\t\t\t\t\t\t\t<p>Die Nationalsozialisten machen laufend die Bestimmungen bekannt, wie sich die einheimische Bev\u00f6lkerung im Umgang mit ZwangsarbeiterInnen zu verhalten hat. Es gibt eigene Merkbl\u00e4tter f\u00fcr die TirolerInnen.<\/p><p>Jegliche Hilfeleistungen sind verboten, die Bev\u00f6lkerung darf mit den ZwangsarbeiterInnen nicht einmal sprechen.<\/p>\t\t\t\t\t\t<\/div>\n\t\t\t\t<\/div>\n\t\t\t\t<div class=\"elementor-element elementor-element-d6e6be5 elementor-widget elementor-widget-n-accordion\" data-id=\"d6e6be5\" data-element_type=\"widget\" data-settings=\"{&quot;default_state&quot;:&quot;all_collapsed&quot;,&quot;max_items_expended&quot;:&quot;one&quot;,&quot;n_accordion_animation_duration&quot;:{&quot;unit&quot;:&quot;ms&quot;,&quot;size&quot;:400,&quot;sizes&quot;:[]}}\" data-widget_type=\"nested-accordion.default\">\n\t\t\t\t<div class=\"elementor-widget-container\">\n\t\t\t\t\t<div class=\"e-n-accordion\" aria-label=\"Accordion. Open links with Enter or Space, close with Escape, and navigate with Arrow Keys\">\n\t\t\t\t\t\t<details id=\"e-n-accordion-item-2250\" class=\"e-n-accordion-item\" >\n\t\t\t\t<summary class=\"e-n-accordion-item-title\" data-accordion-index=\"1\" tabindex=\"0\" aria-expanded=\"false\" aria-controls=\"e-n-accordion-item-2250\" >\n\t\t\t\t\t<span class='e-n-accordion-item-title-header'><div class=\"e-n-accordion-item-title-text\"> Mehr zu Kontaktverboten <\/div><\/span>\n\t\t\t\t\t\t\t<span class='e-n-accordion-item-title-icon'>\n\t\t\t<span class='e-opened' ><svg aria-hidden=\"true\" class=\"e-font-icon-svg e-fas-minus\" viewBox=\"0 0 448 512\" xmlns=\"http:\/\/www.w3.org\/2000\/svg\"><path d=\"M416 208H32c-17.67 0-32 14.33-32 32v32c0 17.67 14.33 32 32 32h384c17.67 0 32-14.33 32-32v-32c0-17.67-14.33-32-32-32z\"><\/path><\/svg><\/span>\n\t\t\t<span class='e-closed'><svg aria-hidden=\"true\" class=\"e-font-icon-svg e-fas-plus\" viewBox=\"0 0 448 512\" xmlns=\"http:\/\/www.w3.org\/2000\/svg\"><path d=\"M416 208H272V64c0-17.67-14.33-32-32-32h-32c-17.67 0-32 14.33-32 32v144H32c-17.67 0-32 14.33-32 32v32c0 17.67 14.33 32 32 32h144v144c0 17.67 14.33 32 32 32h32c17.67 0 32-14.33 32-32V304h144c17.67 0 32-14.33 32-32v-32c0-17.67-14.33-32-32-32z\"><\/path><\/svg><\/span>\n\t\t<\/span>\n\n\t\t\t\t\t\t<\/summary>\n\t\t\t\t<div role=\"region\" aria-labelledby=\"e-n-accordion-item-2250\" class=\"elementor-element elementor-element-17ae0b9 e-con-full e-grid e-con e-child\" data-id=\"17ae0b9\" data-element_type=\"container\">\n\t\t\t\t<div class=\"elementor-element elementor-element-2cde293 elementor-widget elementor-widget-text-editor\" data-id=\"2cde293\" data-element_type=\"widget\" data-widget_type=\"text-editor.default\">\n\t\t\t\t<div class=\"elementor-widget-container\">\n\t\t\t\t\t\t\t<p>Jeder pers\u00f6nliche Kontakt der ZwangsarbeiterInnen und Kriegsgefangenen mit der einheimischen Bev\u00f6lkerung ist streng untersagt. Wer das Kontaktverbot nicht einh\u00e4lt, wird streng bestraft. Aloisia Gabl aus Sch\u00f6nwies wird zu drei Monaten Gef\u00e4ngnis verurteilt, weil sie zwei russischen Kriegsgefangenen ein St\u00fcck Brot gibt. Drei Sch\u00fcler der Hauptschule Telfs werden aus der Schule geschmissen, weil sie hungrigen Kriegsgefangenen Obst zuwerfen.<\/p><p>In der Landwirtschaft h\u00e4lt sich die Bev\u00f6lkerung nicht immer an die NS-Vorschriften und behandelt die zugeteilten ZwangsarbeiterInnen menschlich. Marija Kukurusa-Schwei\u00dfgut wird aus der Ukraine verschleppt und arbeitet in der N\u00e4he von Reutte auf einem Bauernhof. Dort wird sie gut behandelt. Sie bekommt genug zu essen und darf mit der Bauersfamilie am selben Tisch sitzen. Dragomir Salmic aus Slowenien, der in Innsbruck Zwangsarbeit leisten muss, macht andere Erfahrungen: \u201eDie Innsbrucker sind immer nur Zuschauer geblieben, Zuschauer unserer Arbeit.\u201c<\/p>\t\t\t\t\t\t<\/div>\n\t\t\t\t<\/div>\n\t\t\t\t<\/div>\n\t\t\t\t\t<\/details>\n\t\t\t\t\t<\/div>\n\t\t\t\t<\/div>\n\t\t\t\t<\/div>\n\t\t<div class=\"elementor-element elementor-element-44fcbfa e-con-full e-grid e-con e-child\" data-id=\"44fcbfa\" data-element_type=\"container\" data-settings=\"{&quot;background_background&quot;:&quot;classic&quot;}\">\n\t\t\t\t<div class=\"elementor-element elementor-element-f5eb9b7 elementor-widget elementor-widget-image\" data-id=\"f5eb9b7\" data-element_type=\"widget\" data-widget_type=\"image.default\">\n\t\t\t\t<div class=\"elementor-widget-container\">\n\t\t\t\t\t\t\t\t\t\t\t\t\t<img loading=\"lazy\" decoding=\"async\" width=\"389\" height=\"386\" src=\"https:\/\/tirolerinnern.at\/kirchbichl\/wp-content\/uploads\/sites\/2\/2024\/11\/P-Zeichen.jpg\" class=\"attachment-large size-large wp-image-324\" alt=\"\" srcset=\"https:\/\/tirolerinnern.at\/kirchbichl\/wp-content\/uploads\/sites\/2\/2024\/11\/P-Zeichen.jpg 389w, https:\/\/tirolerinnern.at\/kirchbichl\/wp-content\/uploads\/sites\/2\/2024\/11\/P-Zeichen-300x298.jpg 300w, https:\/\/tirolerinnern.at\/kirchbichl\/wp-content\/uploads\/sites\/2\/2024\/11\/P-Zeichen-150x150.jpg 150w\" sizes=\"(max-width: 389px) 100vw, 389px\" \/>\t\t\t\t\t\t\t\t\t\t\t\t\t<\/div>\n\t\t\t\t<\/div>\n\t\t\t\t<div class=\"elementor-element elementor-element-5247db2 elementor-widget elementor-widget-text-editor\" data-id=\"5247db2\" data-element_type=\"widget\" data-widget_type=\"text-editor.default\">\n\t\t\t\t<div class=\"elementor-widget-container\">\n\t\t\t\t\t\t\t<p>Besonders schlecht werden Menschen aus Osteuropa behandelt. Die NS-Diktatur schr\u00e4nkt ihre Bewegungsm\u00f6glichkeiten und Freizeitaktivit\u00e4ten stark ein. Ab M\u00e4rz 1940 m\u00fcssen polnische ZwangsarbeiterInnen ein Kennzeichen auf ihrer Kleidung tragen.\u00a0<\/p>\t\t\t\t\t\t<\/div>\n\t\t\t\t<\/div>\n\t\t\t\t<\/div>\n\t\t\t\t<\/div>\n\t\t\t\t\t<\/div>\n\t\t\t\t<\/div>\n\t\t<div class=\"elementor-element elementor-element-57e6265 e-flex e-con-boxed e-con e-parent\" data-id=\"57e6265\" data-element_type=\"container\" data-settings=\"{&quot;background_background&quot;:&quot;classic&quot;}\">\n\t\t\t\t\t<div class=\"e-con-inner\">\n\t\t\t\t<div class=\"elementor-element elementor-element-e701f00 elementor-widget elementor-widget-heading\" data-id=\"e701f00\" data-element_type=\"widget\" data-widget_type=\"heading.default\">\n\t\t\t\t<div class=\"elementor-widget-container\">\n\t\t\t<h2 class=\"elementor-heading-title elementor-size-default\">Die Hinrichtung<\/h2>\t\t<\/div>\n\t\t\t\t<\/div>\n\t\t\t\t<div class=\"elementor-element elementor-element-0a8b5ad elementor-widget elementor-widget-text-editor\" data-id=\"0a8b5ad\" data-element_type=\"widget\" data-widget_type=\"text-editor.default\">\n\t\t\t\t<div class=\"elementor-widget-container\">\n\t\t\t\t\t\t\t<p>Stefan Widla und Jan Kosnik aus Polen arbeiten auf der Baustelle in Kirchbichl. Sie treffen sich \u00f6fters mit zwei einheimischen Frauen, Annemarie Edenhauser und Hedwig Schwendter. Am 9. Juni 1940 fliegen die Begegnungen auf. Stefan Widla und Jan Kosnik werden sofort verhaftet und nach kurzer Zeit ohne Gerichtsprozess hingerichtet. Es ist die erste Exekution von Zwangsarbeitern in der NS-Zeit in Tirol.<\/p>\t\t\t\t\t\t<\/div>\n\t\t\t\t<\/div>\n\t\t\t\t\t<\/div>\n\t\t\t\t<\/div>\n\t\t<div class=\"elementor-element elementor-element-e5eed58 e-flex e-con-boxed e-con e-parent\" data-id=\"e5eed58\" data-element_type=\"container\" data-settings=\"{&quot;background_background&quot;:&quot;classic&quot;}\">\n\t\t\t\t\t<div class=\"e-con-inner\">\n\t\t<div class=\"elementor-element elementor-element-9c9fa93 e-con-full e-flex e-con e-child\" data-id=\"9c9fa93\" data-element_type=\"container\" data-settings=\"{&quot;background_background&quot;:&quot;classic&quot;}\">\n\t\t\t\t<div class=\"elementor-element elementor-element-9599c2d elementor-widget elementor-widget-qi_addons_for_elementor_interactive_banner\" data-id=\"9599c2d\" data-element_type=\"widget\" data-widget_type=\"qi_addons_for_elementor_interactive_banner.default\">\n\t\t\t\t<div class=\"elementor-widget-container\">\n\t\t\t<div class=\"qodef-shortcode qodef-m  qodef-qi-interactive-banner qodef-layout--from-bottom qodef--overlay\">\n\t<div class=\"qodef-m-image\">\n\t<img loading=\"lazy\" decoding=\"async\" width=\"800\" height=\"847\" src=\"https:\/\/tirolerinnern.at\/kirchbichl\/wp-content\/uploads\/sites\/2\/2024\/11\/A5-800.jpg\" class=\"attachment-large size-large\" alt=\"\" srcset=\"https:\/\/tirolerinnern.at\/kirchbichl\/wp-content\/uploads\/sites\/2\/2024\/11\/A5-800.jpg 800w, https:\/\/tirolerinnern.at\/kirchbichl\/wp-content\/uploads\/sites\/2\/2024\/11\/A5-800-283x300.jpg 283w, https:\/\/tirolerinnern.at\/kirchbichl\/wp-content\/uploads\/sites\/2\/2024\/11\/A5-800-768x813.jpg 768w\" sizes=\"(max-width: 800px) 100vw, 800px\" \/><\/div>\n\t<div class=\"qodef-m-content\">\n\t\t\t\t<div class=\"qodef-m-content-inner\">\n\t\t\t<div class=\"qodef-m-movement\">\n\t\t\t\t\t\t\t\t\t<h3 class=\"qodef-m-title\">\n\t\tStefan Widla\t<\/h3>\n\t\t\t\t<div class=\"qodef-m-text-holder\">\n\t\t\t\t\t\t<p class=\"qodef-m-text\">\n\t\tGeboren am 19.06.1904 in Zabierzow, Polen\t<\/p>\n\t\t\t\t\t\t\t\t\t<\/div>\n\t\t\t\t\t\t\t<\/div>\n\t\t<\/div>\n\t<\/div>\n<\/div>\n\t\t<\/div>\n\t\t\t\t<\/div>\n\t\t\t\t<\/div>\n\t\t<div class=\"elementor-element elementor-element-7a5d7a0 e-con-full e-flex e-con e-child\" data-id=\"7a5d7a0\" data-element_type=\"container\" data-settings=\"{&quot;background_background&quot;:&quot;classic&quot;}\">\n\t\t\t\t<div class=\"elementor-element elementor-element-2aeb7c9 elementor-widget elementor-widget-qi_addons_for_elementor_interactive_banner\" data-id=\"2aeb7c9\" data-element_type=\"widget\" data-widget_type=\"qi_addons_for_elementor_interactive_banner.default\">\n\t\t\t\t<div class=\"elementor-widget-container\">\n\t\t\t<div class=\"qodef-shortcode qodef-m  qodef-qi-interactive-banner qodef-layout--from-bottom qodef--overlay\">\n\t<div class=\"qodef-m-image\">\n\t<img loading=\"lazy\" decoding=\"async\" width=\"800\" height=\"847\" src=\"https:\/\/tirolerinnern.at\/kirchbichl\/wp-content\/uploads\/sites\/2\/2024\/11\/A6-800.jpg\" class=\"attachment-large size-large\" alt=\"\" srcset=\"https:\/\/tirolerinnern.at\/kirchbichl\/wp-content\/uploads\/sites\/2\/2024\/11\/A6-800.jpg 800w, https:\/\/tirolerinnern.at\/kirchbichl\/wp-content\/uploads\/sites\/2\/2024\/11\/A6-800-283x300.jpg 283w, https:\/\/tirolerinnern.at\/kirchbichl\/wp-content\/uploads\/sites\/2\/2024\/11\/A6-800-768x813.jpg 768w\" sizes=\"(max-width: 800px) 100vw, 800px\" \/><\/div>\n\t<div class=\"qodef-m-content\">\n\t\t\t\t<div class=\"qodef-m-content-inner\">\n\t\t\t<div class=\"qodef-m-movement\">\n\t\t\t\t\t\t\t\t\t<h3 class=\"qodef-m-title\">\n\t\tJan Kosnik\t<\/h3>\n\t\t\t\t<div class=\"qodef-m-text-holder\">\n\t\t\t\t\t\t<p class=\"qodef-m-text\">\n\t\tGeboren am 15.10.1905 in Wizelowska, Polen\t<\/p>\n\t\t\t\t\t\t\t\t\t<\/div>\n\t\t\t\t\t\t\t<\/div>\n\t\t<\/div>\n\t<\/div>\n<\/div>\n\t\t<\/div>\n\t\t\t\t<\/div>\n\t\t\t\t<\/div>\n\t\t<div class=\"elementor-element elementor-element-c777344 e-con-full e-flex e-con e-child\" data-id=\"c777344\" data-element_type=\"container\" data-settings=\"{&quot;background_background&quot;:&quot;classic&quot;}\">\n\t\t\t\t<div class=\"elementor-element elementor-element-8900f37 elementor-widget elementor-widget-text-editor\" data-id=\"8900f37\" data-element_type=\"widget\" data-widget_type=\"text-editor.default\">\n\t\t\t\t<div class=\"elementor-widget-container\">\n\t\t\t\t\t\t\t<p>Am Montag, den 2. September 1940, werden Widla und Kosnik aus dem Innsbrucker Polizeigef\u00e4ngnis nach Kirchbichl gebracht. Erst dort erfahren sie ihr Todesurteil.\u00a0<\/p>\t\t\t\t\t\t<\/div>\n\t\t\t\t<\/div>\n\t\t\t\t<div class=\"elementor-element elementor-element-01fc781 elementor-arrows-position-inside elementor-pagination-position-outside elementor-widget elementor-widget-image-carousel\" data-id=\"01fc781\" data-element_type=\"widget\" data-settings=\"{&quot;slides_to_show&quot;:&quot;1&quot;,&quot;navigation&quot;:&quot;both&quot;,&quot;infinite&quot;:&quot;yes&quot;,&quot;effect&quot;:&quot;slide&quot;,&quot;speed&quot;:500}\" data-widget_type=\"image-carousel.default\">\n\t\t\t\t<div class=\"elementor-widget-container\">\n\t\t\t\t\t<div class=\"elementor-image-carousel-wrapper swiper\" dir=\"ltr\">\n\t\t\t<div class=\"elementor-image-carousel swiper-wrapper\" aria-live=\"polite\">\n\t\t\t\t\t\t\t\t<div class=\"swiper-slide\" role=\"group\" aria-roledescription=\"slide\" aria-label=\"1 von 5\"><figure class=\"swiper-slide-inner\"><img decoding=\"async\" class=\"swiper-slide-image\" src=\"https:\/\/tirolerinnern.at\/kirchbichl\/wp-content\/uploads\/sites\/2\/2024\/11\/A7-1024.jpg\" alt=\"Am Tag der Hinrichtung sind rund 100 M\u00e4nner vor Ort. Sie sperren die Hinrichtungsst\u00e4tte ab und beaufsichtigen das Lager. Hier siehst du vor allem SS-M\u00e4nner in schwarzen Uniformen und Mitarbeiter der Geheimen Staatspolizei. Die vielen beteiligten Gendarmen sind nicht im Bild.\" \/><figcaption class=\"elementor-image-carousel-caption\">Am Tag der Hinrichtung sind rund 100 M\u00e4nner vor Ort. Sie sperren die Hinrichtungsst\u00e4tte ab und beaufsichtigen das Lager. Hier siehst du vor allem SS-M\u00e4nner in schwarzen Uniformen und Mitarbeiter der Geheimen Staatspolizei. Die vielen beteiligten Gendarmen sind nicht im Bild. <\/figcaption><\/figure><\/div><div class=\"swiper-slide\" role=\"group\" aria-roledescription=\"slide\" aria-label=\"2 von 5\"><figure class=\"swiper-slide-inner\"><img decoding=\"async\" class=\"swiper-slide-image\" src=\"https:\/\/tirolerinnern.at\/kirchbichl\/wp-content\/uploads\/sites\/2\/2024\/11\/A8-1024.jpg\" alt=\"Zahlreiche NS-Spitzenfunktion\u00e4re sind dabei. Links im Bild raucht der damalige Leiter der Geheimen Staatspolizei, Werner Hilliges, eine Zigarette. Hinter ihm steht Werner Pflauder, der damalige Landrat (= Bezirkshauptmann) von Kufstein.\" \/><figcaption class=\"elementor-image-carousel-caption\">Zahlreiche NS-Spitzenfunktion\u00e4re sind dabei. Links im Bild raucht der damalige Leiter der Geheimen Staatspolizei, Werner Hilliges, eine Zigarette. Hinter ihm steht Werner Pflauder, der damalige Landrat (= Bezirkshauptmann) von Kufstein.<\/figcaption><\/figure><\/div><div class=\"swiper-slide\" role=\"group\" aria-roledescription=\"slide\" aria-label=\"3 von 5\"><figure class=\"swiper-slide-inner\"><img decoding=\"async\" class=\"swiper-slide-image\" src=\"https:\/\/tirolerinnern.at\/kirchbichl\/wp-content\/uploads\/sites\/2\/2024\/11\/A9-1024.jpg\" alt=\"Die lokalen Nazigr\u00f6\u00dfen wirken auf den Fotos gelassen und machen einen entspannten Eindruck.\" \/><figcaption class=\"elementor-image-carousel-caption\">Die lokalen Nazigr\u00f6\u00dfen wirken auf den Fotos gelassen und machen einen entspannten Eindruck. <\/figcaption><\/figure><\/div><div class=\"swiper-slide\" role=\"group\" aria-roledescription=\"slide\" aria-label=\"4 von 5\"><figure class=\"swiper-slide-inner\"><img decoding=\"async\" class=\"swiper-slide-image\" src=\"https:\/\/tirolerinnern.at\/kirchbichl\/wp-content\/uploads\/sites\/2\/2024\/11\/A1-1024.jpg\" alt=\"Nach der Hinrichtung werden die polnischen Arbeiter aus dem Lager geholt und auf einem Platz versammelt.\" \/><figcaption class=\"elementor-image-carousel-caption\">Nach der Hinrichtung werden die polnischen Arbeiter aus dem Lager geholt und auf einem Platz versammelt.<\/figcaption><\/figure><\/div><div class=\"swiper-slide\" role=\"group\" aria-roledescription=\"slide\" aria-label=\"5 von 5\"><figure class=\"swiper-slide-inner\"><img decoding=\"async\" class=\"swiper-slide-image\" src=\"https:\/\/tirolerinnern.at\/kirchbichl\/wp-content\/uploads\/sites\/2\/2024\/11\/A10-1024.jpg\" alt=\"Ein polnischer Dolmetscher \u00fcbersetzt die Anweisungen und Drohungen des Leiters der Geheimen Staatspolizei, Werner Hilliges, an die versammelten polnischen Arbeiter: Jedem, der sich mit einheimischen Frauen einl\u00e4sst, werde es so ergehen wie Stefan Widla und Jan Kosnik.\" \/><figcaption class=\"elementor-image-carousel-caption\">Ein polnischer Dolmetscher \u00fcbersetzt die Anweisungen und Drohungen des Leiters der Geheimen Staatspolizei, Werner Hilliges, an die versammelten polnischen Arbeiter: Jedem, der sich mit einheimischen Frauen einl\u00e4sst, werde es so ergehen wie Stefan Widla und Jan Kosnik.<\/figcaption><\/figure><\/div>\t\t\t<\/div>\n\t\t\t\t\t\t\t\t\t\t\t\t<div class=\"elementor-swiper-button elementor-swiper-button-prev\" role=\"button\" tabindex=\"0\">\n\t\t\t\t\t\t<svg aria-hidden=\"true\" class=\"e-font-icon-svg e-eicon-chevron-left\" viewBox=\"0 0 1000 1000\" xmlns=\"http:\/\/www.w3.org\/2000\/svg\"><path d=\"M646 125C629 125 613 133 604 142L308 442C296 454 292 471 292 487 292 504 296 521 308 533L604 854C617 867 629 875 646 875 663 875 679 871 692 858 704 846 713 829 713 812 713 796 708 779 692 767L438 487 692 225C700 217 708 204 708 187 708 171 704 154 692 142 675 129 663 125 646 125Z\"><\/path><\/svg>\t\t\t\t\t<\/div>\n\t\t\t\t\t<div class=\"elementor-swiper-button elementor-swiper-button-next\" role=\"button\" tabindex=\"0\">\n\t\t\t\t\t\t<svg aria-hidden=\"true\" class=\"e-font-icon-svg e-eicon-chevron-right\" viewBox=\"0 0 1000 1000\" xmlns=\"http:\/\/www.w3.org\/2000\/svg\"><path d=\"M696 533C708 521 713 504 713 487 713 471 708 454 696 446L400 146C388 133 375 125 354 125 338 125 325 129 313 142 300 154 292 171 292 187 292 204 296 221 308 233L563 492 304 771C292 783 288 800 288 817 288 833 296 850 308 863 321 871 338 875 354 875 371 875 388 867 400 854L696 533Z\"><\/path><\/svg>\t\t\t\t\t<\/div>\n\t\t\t\t\n\t\t\t\t\t\t\t\t\t<div class=\"swiper-pagination\"><\/div>\n\t\t\t\t\t\t\t\t\t<\/div>\n\t\t\t\t<\/div>\n\t\t\t\t<\/div>\n\t\t\t\t<\/div>\n\t\t\t\t\t<\/div>\n\t\t\t\t<\/div>\n\t\t<div class=\"elementor-element elementor-element-ab1a5f4 e-flex e-con-boxed e-con e-parent\" data-id=\"ab1a5f4\" data-element_type=\"container\" data-settings=\"{&quot;background_background&quot;:&quot;classic&quot;}\">\n\t\t\t\t\t<div class=\"e-con-inner\">\n\t\t\t\t<div class=\"elementor-element elementor-element-3148438 elementor-widget elementor-widget-spacer\" data-id=\"3148438\" data-element_type=\"widget\" data-widget_type=\"spacer.default\">\n\t\t\t\t<div class=\"elementor-widget-container\">\n\t\t\t\t\t<div class=\"elementor-spacer\">\n\t\t\t<div class=\"elementor-spacer-inner\"><\/div>\n\t\t<\/div>\n\t\t\t\t<\/div>\n\t\t\t\t<\/div>\n\t\t\t\t<div class=\"elementor-element elementor-element-a1d4b60 elementor-widget elementor-widget-heading\" data-id=\"a1d4b60\" data-element_type=\"widget\" data-widget_type=\"heading.default\">\n\t\t\t\t<div class=\"elementor-widget-container\">\n\t\t\t<h2 class=\"elementor-heading-title elementor-size-default\">Hier geht es zu den weiteren Kapiteln:<\/h2>\t\t<\/div>\n\t\t\t\t<\/div>\n\t\t<div class=\"elementor-element elementor-element-8ddeec6 e-con-full e-grid e-con e-child\" data-id=\"8ddeec6\" data-element_type=\"container\">\n\t\t\t\t<div class=\"elementor-element elementor-element-8df0d68 elementor-widget elementor-widget-qi_addons_for_elementor_banner\" data-id=\"8df0d68\" data-element_type=\"widget\" data-widget_type=\"qi_addons_for_elementor_banner.default\">\n\t\t\t\t<div class=\"elementor-widget-container\">\n\t\t\t<div class=\"qodef-shortcode qodef-m  qodef-qi-banner qodef-layout--standard qodef-vertical--bottom qodef-horizontal--left qodef-image--hover-zoom \">\n\t<div class=\"qodef-m-image\">\n\t<img loading=\"lazy\" decoding=\"async\" width=\"909\" height=\"606\" src=\"https:\/\/tirolerinnern.at\/kirchbichl\/wp-content\/uploads\/sites\/2\/2024\/11\/B2-png.png\" class=\"attachment-full size-full\" alt=\"\" srcset=\"https:\/\/tirolerinnern.at\/kirchbichl\/wp-content\/uploads\/sites\/2\/2024\/11\/B2-png.png 909w, https:\/\/tirolerinnern.at\/kirchbichl\/wp-content\/uploads\/sites\/2\/2024\/11\/B2-png-300x200.png 300w, https:\/\/tirolerinnern.at\/kirchbichl\/wp-content\/uploads\/sites\/2\/2024\/11\/B2-png-768x512.png 768w\" sizes=\"(max-width: 909px) 100vw, 909px\" \/><\/div>\n\t<div class=\"qodef-m-content\">\n\t\t<div class=\"qodef-m-content-inner\">\n\t\t\t\t\t\t\t<h3 class=\"qodef-m-title\">\n\t\tWie kam es dazu?\t<\/h3>\n\t\t\t\t\t\t\t\t<\/div>\n\t<\/div>\n\t\t<a itemprop=\"url\" href=\"https:\/\/tirolerinnern.at\/kirchbichl\/kapitel-2\/\" class=\"qodef-m-banner-link\" target=\"_self\"><\/a>\n<\/div>\n\t\t<\/div>\n\t\t\t\t<\/div>\n\t\t\t\t<div class=\"elementor-element elementor-element-d19f00f elementor-widget elementor-widget-qi_addons_for_elementor_banner\" data-id=\"d19f00f\" data-element_type=\"widget\" data-widget_type=\"qi_addons_for_elementor_banner.default\">\n\t\t\t\t<div class=\"elementor-widget-container\">\n\t\t\t<div class=\"qodef-shortcode qodef-m  qodef-qi-banner qodef-layout--standard qodef-vertical--bottom qodef-horizontal--left qodef-image--hover-zoom \">\n\t<div class=\"qodef-m-image\">\n\t<img loading=\"lazy\" decoding=\"async\" width=\"909\" height=\"606\" src=\"https:\/\/tirolerinnern.at\/kirchbichl\/wp-content\/uploads\/sites\/2\/2024\/11\/C1-png.png\" class=\"attachment-full size-full\" alt=\"\" srcset=\"https:\/\/tirolerinnern.at\/kirchbichl\/wp-content\/uploads\/sites\/2\/2024\/11\/C1-png.png 909w, https:\/\/tirolerinnern.at\/kirchbichl\/wp-content\/uploads\/sites\/2\/2024\/11\/C1-png-300x200.png 300w, https:\/\/tirolerinnern.at\/kirchbichl\/wp-content\/uploads\/sites\/2\/2024\/11\/C1-png-768x512.png 768w\" sizes=\"(max-width: 909px) 100vw, 909px\" \/><\/div>\n\t<div class=\"qodef-m-content\">\n\t\t<div class=\"qodef-m-content-inner\">\n\t\t\t\t\t\t\t<h3 class=\"qodef-m-title\">\n\t\tWas passierte danach?\t<\/h3>\n\t\t\t\t\t\t\t\t<\/div>\n\t<\/div>\n\t\t<a itemprop=\"url\" href=\"https:\/\/tirolerinnern.at\/kirchbichl\/kapitel-3\/\" class=\"qodef-m-banner-link\" target=\"_self\"><\/a>\n<\/div>\n\t\t<\/div>\n\t\t\t\t<\/div>\n\t\t\t\t<\/div>\n\t\t\t\t\t<\/div>\n\t\t\t\t<\/div>\n\t\t<div class=\"elementor-element elementor-element-be28373 e-flex e-con-boxed e-con e-parent\" data-id=\"be28373\" data-element_type=\"container\" data-settings=\"{&quot;background_background&quot;:&quot;gradient&quot;}\">\n\t\t\t\t\t<div class=\"e-con-inner\">\n\t\t<div class=\"elementor-element elementor-element-26b2a51 e-con-full e-flex e-con e-child\" data-id=\"26b2a51\" data-element_type=\"container\">\n\t\t\t\t<\/div>\n\t\t\t\t\t<\/div>\n\t\t\t\t<\/div>\n\t\t\t\t<\/div>\n\t\t","protected":false},"excerpt":{"rendered":"<p>Was geschah in Kirchbichl? Das Innkraftwerk Kirchbichl Der Bau des Laufkraftwerks durch die heutige Tiroler Wasserkraft AG (TIWAG) erfolgt von 1938 bis 1941. Nach dem Kriegsbeginn im September 1939 werden viele Zwangsarbeiter und Kriegsgefangene auf der Baustelle eingesetzt. Ende November arbeiten rund tausend M\u00e4nner auf der Baustelle, in etwa ein Drittel von ihnen sind Ausl\u00e4nder. [&hellip;]<\/p>\n","protected":false},"author":1,"featured_media":0,"parent":0,"menu_order":0,"comment_status":"closed","ping_status":"closed","template":"","meta":{"ocean_post_layout":"full-screen","ocean_both_sidebars_style":"","ocean_both_sidebars_content_width":0,"ocean_both_sidebars_sidebars_width":0,"ocean_sidebar":"","ocean_second_sidebar":"","ocean_disable_margins":"enable","ocean_add_body_class":"","ocean_shortcode_before_top_bar":"","ocean_shortcode_after_top_bar":"","ocean_shortcode_before_header":"","ocean_shortcode_after_header":"","ocean_has_shortcode":"","ocean_shortcode_after_title":"","ocean_shortcode_before_footer_widgets":"","ocean_shortcode_after_footer_widgets":"","ocean_shortcode_before_footer_bottom":"","ocean_shortcode_after_footer_bottom":"","ocean_display_top_bar":"off","ocean_display_header":"default","ocean_header_style":"","ocean_center_header_left_menu":"","ocean_custom_header_template":"","ocean_custom_logo":0,"ocean_custom_retina_logo":0,"ocean_custom_logo_max_width":0,"ocean_custom_logo_tablet_max_width":0,"ocean_custom_logo_mobile_max_width":0,"ocean_custom_logo_max_height":0,"ocean_custom_logo_tablet_max_height":0,"ocean_custom_logo_mobile_max_height":0,"ocean_header_custom_menu":"","ocean_menu_typo_font_family":"","ocean_menu_typo_font_subset":"","ocean_menu_typo_font_size":0,"ocean_menu_typo_font_size_tablet":0,"ocean_menu_typo_font_size_mobile":0,"ocean_menu_typo_font_size_unit":"px","ocean_menu_typo_font_weight":"","ocean_menu_typo_font_weight_tablet":"","ocean_menu_typo_font_weight_mobile":"","ocean_menu_typo_transform":"","ocean_menu_typo_transform_tablet":"","ocean_menu_typo_transform_mobile":"","ocean_menu_typo_line_height":0,"ocean_menu_typo_line_height_tablet":0,"ocean_menu_typo_line_height_mobile":0,"ocean_menu_typo_line_height_unit":"","ocean_menu_typo_spacing":0,"ocean_menu_typo_spacing_tablet":0,"ocean_menu_typo_spacing_mobile":0,"ocean_menu_typo_spacing_unit":"","ocean_menu_link_color":"","ocean_menu_link_color_hover":"","ocean_menu_link_color_active":"","ocean_menu_link_background":"","ocean_menu_link_hover_background":"","ocean_menu_link_active_background":"","ocean_menu_social_links_bg":"","ocean_menu_social_hover_links_bg":"","ocean_menu_social_links_color":"","ocean_menu_social_hover_links_color":"","ocean_disable_title":"on","ocean_disable_heading":"default","ocean_post_title":"","ocean_post_subheading":"","ocean_post_title_style":"","ocean_post_title_background_color":"","ocean_post_title_background":0,"ocean_post_title_bg_image_position":"","ocean_post_title_bg_image_attachment":"","ocean_post_title_bg_image_repeat":"","ocean_post_title_bg_image_size":"","ocean_post_title_height":0,"ocean_post_title_bg_overlay":0.5,"ocean_post_title_bg_overlay_color":"","ocean_disable_breadcrumbs":"default","ocean_breadcrumbs_color":"","ocean_breadcrumbs_separator_color":"","ocean_breadcrumbs_links_color":"","ocean_breadcrumbs_links_hover_color":"","ocean_display_footer_widgets":"off","ocean_display_footer_bottom":"off","ocean_custom_footer_template":"","footnotes":""},"class_list":["post-108","page","type-page","status-publish","hentry","entry"],"_links":{"self":[{"href":"https:\/\/tirolerinnern.at\/kirchbichl\/wp-json\/wp\/v2\/pages\/108","targetHints":{"allow":["GET"]}}],"collection":[{"href":"https:\/\/tirolerinnern.at\/kirchbichl\/wp-json\/wp\/v2\/pages"}],"about":[{"href":"https:\/\/tirolerinnern.at\/kirchbichl\/wp-json\/wp\/v2\/types\/page"}],"author":[{"embeddable":true,"href":"https:\/\/tirolerinnern.at\/kirchbichl\/wp-json\/wp\/v2\/users\/1"}],"replies":[{"embeddable":true,"href":"https:\/\/tirolerinnern.at\/kirchbichl\/wp-json\/wp\/v2\/comments?post=108"}],"version-history":[{"count":804,"href":"https:\/\/tirolerinnern.at\/kirchbichl\/wp-json\/wp\/v2\/pages\/108\/revisions"}],"predecessor-version":[{"id":2032,"href":"https:\/\/tirolerinnern.at\/kirchbichl\/wp-json\/wp\/v2\/pages\/108\/revisions\/2032"}],"wp:attachment":[{"href":"https:\/\/tirolerinnern.at\/kirchbichl\/wp-json\/wp\/v2\/media?parent=108"}],"curies":[{"name":"wp","href":"https:\/\/api.w.org\/{rel}","templated":true}]}}