{"id":111,"date":"2024-11-26T23:39:36","date_gmt":"2024-11-26T22:39:36","guid":{"rendered":"https:\/\/tirolerinnern.at\/kirchbichl\/?page_id=111"},"modified":"2025-04-19T19:54:32","modified_gmt":"2025-04-19T17:54:32","slug":"kapitel-2","status":"publish","type":"page","link":"https:\/\/tirolerinnern.at\/kirchbichl\/kapitel-2\/","title":{"rendered":"Kapitel 2"},"content":{"rendered":"\t\t<div data-elementor-type=\"wp-page\" data-elementor-id=\"111\" class=\"elementor elementor-111\">\n\t\t\t\t<div class=\"elementor-element elementor-element-a205023 e-flex e-con-boxed e-con e-parent\" data-id=\"a205023\" data-element_type=\"container\" data-settings=\"{&quot;background_background&quot;:&quot;slideshow&quot;,&quot;background_slideshow_gallery&quot;:[{&quot;id&quot;:&quot;1058&quot;,&quot;url&quot;:&quot;https:\\\/\\\/tirolerinnern.at\\\/kirchbichl\\\/wp-content\\\/uploads\\\/sites\\\/2\\\/2024\\\/12\\\/B2-1024.jpg&quot;},{&quot;id&quot;:&quot;1057&quot;,&quot;url&quot;:&quot;https:\\\/\\\/tirolerinnern.at\\\/kirchbichl\\\/wp-content\\\/uploads\\\/sites\\\/2\\\/2024\\\/12\\\/B1-1024.jpg&quot;}],&quot;animation&quot;:&quot;none&quot;,&quot;background_slideshow_loop&quot;:&quot;yes&quot;,&quot;background_slideshow_slide_duration&quot;:5000,&quot;background_slideshow_slide_transition&quot;:&quot;fade&quot;,&quot;background_slideshow_transition_duration&quot;:500}\">\n\t\t\t\t\t<div class=\"e-con-inner\">\n\t\t\t\t<div class=\"elementor-element elementor-element-4a0b796 elementor-widget elementor-widget-heading\" data-id=\"4a0b796\" data-element_type=\"widget\" data-widget_type=\"heading.default\">\n\t\t\t\t<div class=\"elementor-widget-container\">\n\t\t\t<h2 class=\"elementor-heading-title elementor-size-default\">Wie kam es dazu?<\/h2>\t\t<\/div>\n\t\t\t\t<\/div>\n\t\t\t\t\t<\/div>\n\t\t\t\t<\/div>\n\t\t<div class=\"elementor-element elementor-element-d4f8aa5 e-flex e-con-boxed e-con e-parent\" data-id=\"d4f8aa5\" data-element_type=\"container\" data-settings=\"{&quot;background_background&quot;:&quot;classic&quot;}\">\n\t\t\t\t\t<div class=\"e-con-inner\">\n\t\t\t\t<div class=\"elementor-element elementor-element-2a53d3f elementor-widget elementor-widget-heading\" data-id=\"2a53d3f\" data-element_type=\"widget\" data-widget_type=\"heading.default\">\n\t\t\t\t<div class=\"elementor-widget-container\">\n\t\t\t<h2 class=\"elementor-heading-title elementor-size-default\">Verbotene Beziehungen<\/h2>\t\t<\/div>\n\t\t\t\t<\/div>\n\t\t\t\t<div class=\"elementor-element elementor-element-1e5f9bc elementor-widget elementor-widget-text-editor\" data-id=\"1e5f9bc\" data-element_type=\"widget\" data-widget_type=\"text-editor.default\">\n\t\t\t\t<div class=\"elementor-widget-container\">\n\t\t\t\t\t\t\t<p>Wie sich Stefan Widla, Jan Kosnik, Annemarie Edenhauser und Hedwig Schwendter kennenlernen, wissen wir nicht. Es ist nicht einmal sicher, ob sie tats\u00e4chlich eine Liebesbeziehung verbindet. Sie treffen sich \u00f6fters zum Tanzen und besuchen gemeinsam kleinere Feste. \u00a0<\/p>\t\t\t\t\t\t<\/div>\n\t\t\t\t<\/div>\n\t\t\t\t\t<\/div>\n\t\t\t\t<\/div>\n\t\t<div class=\"elementor-element elementor-element-6c0a84d e-flex e-con-boxed e-con e-parent\" data-id=\"6c0a84d\" data-element_type=\"container\" data-settings=\"{&quot;background_background&quot;:&quot;classic&quot;}\">\n\t\t\t\t\t<div class=\"e-con-inner\">\n\t\t<div class=\"elementor-element elementor-element-6baeef0 e-con-full e-flex e-con e-child\" data-id=\"6baeef0\" data-element_type=\"container\" data-settings=\"{&quot;background_background&quot;:&quot;classic&quot;}\">\n\t\t<div class=\"elementor-element elementor-element-402af3a e-con-full e-grid e-con e-child\" data-id=\"402af3a\" data-element_type=\"container\" data-settings=\"{&quot;background_background&quot;:&quot;classic&quot;}\">\n\t\t\t\t<div class=\"elementor-element elementor-element-9747be5 elementor-widget elementor-widget-image\" data-id=\"9747be5\" data-element_type=\"widget\" data-widget_type=\"image.default\">\n\t\t\t\t<div class=\"elementor-widget-container\">\n\t\t\t\t\t\t\t\t\t\t\t\t\t<img fetchpriority=\"high\" decoding=\"async\" width=\"800\" height=\"847\" src=\"https:\/\/tirolerinnern.at\/kirchbichl\/wp-content\/uploads\/sites\/2\/2024\/11\/A5-800.jpg\" class=\"attachment-large size-large wp-image-338\" alt=\"\" srcset=\"https:\/\/tirolerinnern.at\/kirchbichl\/wp-content\/uploads\/sites\/2\/2024\/11\/A5-800.jpg 800w, https:\/\/tirolerinnern.at\/kirchbichl\/wp-content\/uploads\/sites\/2\/2024\/11\/A5-800-283x300.jpg 283w, https:\/\/tirolerinnern.at\/kirchbichl\/wp-content\/uploads\/sites\/2\/2024\/11\/A5-800-768x813.jpg 768w\" sizes=\"(max-width: 800px) 100vw, 800px\" \/>\t\t\t\t\t\t\t\t\t\t\t\t\t<\/div>\n\t\t\t\t<\/div>\n\t\t<div class=\"elementor-element elementor-element-b1d90ea e-con-full e-flex e-con e-child\" data-id=\"b1d90ea\" data-element_type=\"container\">\n\t\t<div class=\"elementor-element elementor-element-a0a90e6 e-con-full e-flex e-con e-child\" data-id=\"a0a90e6\" data-element_type=\"container\">\n\t\t\t\t<div class=\"elementor-element elementor-element-a73ca56 elementor-widget elementor-widget-heading\" data-id=\"a73ca56\" data-element_type=\"widget\" data-widget_type=\"heading.default\">\n\t\t\t\t<div class=\"elementor-widget-container\">\n\t\t\t<h2 class=\"elementor-heading-title elementor-size-default\">Stefan Widla<\/h2>\t\t<\/div>\n\t\t\t\t<\/div>\n\t\t\t\t<div class=\"elementor-element elementor-element-0fb58fb elementor-widget elementor-widget-text-editor\" data-id=\"0fb58fb\" data-element_type=\"widget\" data-widget_type=\"text-editor.default\">\n\t\t\t\t<div class=\"elementor-widget-container\">\n\t\t\t\t\t\t\t<p>Stefan Widla stammt aus der N\u00e4he von Krakau. Er ist 34 Jahre alt, unverheiratet und gelernter Maurer. Einige Monate arbeitet er in Zell am Ziller, danach beim Kraftwerksbau in Kirchbichl.<\/p>\t\t\t\t\t\t<\/div>\n\t\t\t\t<\/div>\n\t\t\t\t<\/div>\n\t\t\t\t<\/div>\n\t\t\t\t<\/div>\n\t\t<div class=\"elementor-element elementor-element-24f1233 e-con-full e-grid elementor-hidden-mobile e-con e-child\" data-id=\"24f1233\" data-element_type=\"container\" data-settings=\"{&quot;background_background&quot;:&quot;classic&quot;}\">\n\t\t<div class=\"elementor-element elementor-element-34890f2 e-con-full e-flex e-con e-child\" data-id=\"34890f2\" data-element_type=\"container\">\n\t\t<div class=\"elementor-element elementor-element-281d6d3 e-con-full e-flex e-con e-child\" data-id=\"281d6d3\" data-element_type=\"container\">\n\t\t\t\t<div class=\"elementor-element elementor-element-d23b919 elementor-widget elementor-widget-heading\" data-id=\"d23b919\" data-element_type=\"widget\" data-widget_type=\"heading.default\">\n\t\t\t\t<div class=\"elementor-widget-container\">\n\t\t\t<h2 class=\"elementor-heading-title elementor-size-default\">Jan Kosnik<\/h2>\t\t<\/div>\n\t\t\t\t<\/div>\n\t\t\t\t<div class=\"elementor-element elementor-element-252ae3b elementor-widget elementor-widget-text-editor\" data-id=\"252ae3b\" data-element_type=\"widget\" data-widget_type=\"text-editor.default\">\n\t\t\t\t<div class=\"elementor-widget-container\">\n\t\t\t\t\t\t\t<p>Jan Kosnik kommt aus Warschau. Er ist 35 Jahre alt, verheiratet und wird beim Bau des Kraftwerks als Hilfsarbeiter eingesetzt.<\/p>\t\t\t\t\t\t<\/div>\n\t\t\t\t<\/div>\n\t\t\t\t<\/div>\n\t\t\t\t<\/div>\n\t\t\t\t<div class=\"elementor-element elementor-element-8379b57 elementor-widget elementor-widget-image\" data-id=\"8379b57\" data-element_type=\"widget\" data-widget_type=\"image.default\">\n\t\t\t\t<div class=\"elementor-widget-container\">\n\t\t\t\t\t\t\t\t\t\t\t\t\t<img decoding=\"async\" width=\"800\" height=\"847\" src=\"https:\/\/tirolerinnern.at\/kirchbichl\/wp-content\/uploads\/sites\/2\/2024\/11\/A6-800.jpg\" class=\"attachment-large size-large wp-image-330\" alt=\"\" srcset=\"https:\/\/tirolerinnern.at\/kirchbichl\/wp-content\/uploads\/sites\/2\/2024\/11\/A6-800.jpg 800w, https:\/\/tirolerinnern.at\/kirchbichl\/wp-content\/uploads\/sites\/2\/2024\/11\/A6-800-283x300.jpg 283w, https:\/\/tirolerinnern.at\/kirchbichl\/wp-content\/uploads\/sites\/2\/2024\/11\/A6-800-768x813.jpg 768w\" sizes=\"(max-width: 800px) 100vw, 800px\" \/>\t\t\t\t\t\t\t\t\t\t\t\t\t<\/div>\n\t\t\t\t<\/div>\n\t\t\t\t<\/div>\n\t\t<div class=\"elementor-element elementor-element-7141330 e-con-full e-grid elementor-hidden-desktop elementor-hidden-tablet e-con e-child\" data-id=\"7141330\" data-element_type=\"container\" data-settings=\"{&quot;background_background&quot;:&quot;classic&quot;}\">\n\t\t\t\t<div class=\"elementor-element elementor-element-b6350ad elementor-widget elementor-widget-image\" data-id=\"b6350ad\" data-element_type=\"widget\" data-widget_type=\"image.default\">\n\t\t\t\t<div class=\"elementor-widget-container\">\n\t\t\t\t\t\t\t\t\t\t\t\t\t<img decoding=\"async\" width=\"800\" height=\"847\" src=\"https:\/\/tirolerinnern.at\/kirchbichl\/wp-content\/uploads\/sites\/2\/2024\/11\/A6-800.jpg\" class=\"attachment-large size-large wp-image-330\" alt=\"\" srcset=\"https:\/\/tirolerinnern.at\/kirchbichl\/wp-content\/uploads\/sites\/2\/2024\/11\/A6-800.jpg 800w, https:\/\/tirolerinnern.at\/kirchbichl\/wp-content\/uploads\/sites\/2\/2024\/11\/A6-800-283x300.jpg 283w, https:\/\/tirolerinnern.at\/kirchbichl\/wp-content\/uploads\/sites\/2\/2024\/11\/A6-800-768x813.jpg 768w\" sizes=\"(max-width: 800px) 100vw, 800px\" \/>\t\t\t\t\t\t\t\t\t\t\t\t\t<\/div>\n\t\t\t\t<\/div>\n\t\t<div class=\"elementor-element elementor-element-d798858 e-con-full e-flex e-con e-child\" data-id=\"d798858\" data-element_type=\"container\">\n\t\t<div class=\"elementor-element elementor-element-2bc70f1 e-con-full e-flex e-con e-child\" data-id=\"2bc70f1\" data-element_type=\"container\">\n\t\t\t\t<div class=\"elementor-element elementor-element-6eddb32 elementor-widget elementor-widget-heading\" data-id=\"6eddb32\" data-element_type=\"widget\" data-widget_type=\"heading.default\">\n\t\t\t\t<div class=\"elementor-widget-container\">\n\t\t\t<h2 class=\"elementor-heading-title elementor-size-default\">Jan Kosnik<\/h2>\t\t<\/div>\n\t\t\t\t<\/div>\n\t\t\t\t<div class=\"elementor-element elementor-element-b1c8afe elementor-widget elementor-widget-text-editor\" data-id=\"b1c8afe\" data-element_type=\"widget\" data-widget_type=\"text-editor.default\">\n\t\t\t\t<div class=\"elementor-widget-container\">\n\t\t\t\t\t\t\t<p>Jan Kosnik kommt aus Warschau in Polen. Er ist 35 Jahre alt, verheiratet und wird beim Bau des Kraftwerks als Hilfsarbeiter eingesetzt.<\/p>\t\t\t\t\t\t<\/div>\n\t\t\t\t<\/div>\n\t\t\t\t<\/div>\n\t\t\t\t<\/div>\n\t\t\t\t<\/div>\n\t\t\t\t<div class=\"elementor-element elementor-element-ba4f0ca elementor-widget elementor-widget-image\" data-id=\"ba4f0ca\" data-element_type=\"widget\" data-widget_type=\"image.default\">\n\t\t\t\t<div class=\"elementor-widget-container\">\n\t\t\t\t\t\t\t\t\t\t\t\t\t<img decoding=\"async\" width=\"1024\" height=\"641\" src=\"https:\/\/tirolerinnern.at\/kirchbichl\/wp-content\/uploads\/sites\/2\/2024\/12\/B3-Crop-1024x641.jpg\" class=\"attachment-large size-large wp-image-784\" alt=\"\" srcset=\"https:\/\/tirolerinnern.at\/kirchbichl\/wp-content\/uploads\/sites\/2\/2024\/12\/B3-Crop-1024x641.jpg 1024w, https:\/\/tirolerinnern.at\/kirchbichl\/wp-content\/uploads\/sites\/2\/2024\/12\/B3-Crop-300x188.jpg 300w, https:\/\/tirolerinnern.at\/kirchbichl\/wp-content\/uploads\/sites\/2\/2024\/12\/B3-Crop-768x481.jpg 768w, https:\/\/tirolerinnern.at\/kirchbichl\/wp-content\/uploads\/sites\/2\/2024\/12\/B3-Crop.jpg 1077w\" sizes=\"(max-width: 1024px) 100vw, 1024px\" \/>\t\t\t\t\t\t\t\t\t\t\t\t\t<\/div>\n\t\t\t\t<\/div>\n\t\t\t\t<div class=\"elementor-element elementor-element-4b0612b elementor-widget elementor-widget-text-editor\" data-id=\"4b0612b\" data-element_type=\"widget\" data-widget_type=\"text-editor.default\">\n\t\t\t\t<div class=\"elementor-widget-container\">\n\t\t\t\t\t\t\t<p>Wir wissen fast nichts \u00fcber die beiden. Zwei Monate nach Kriegsbeginn, im November 1939, kommen sie in Tirol an. Beide sind in Kirchbichl im sogenannten \u201ePolenlager\u201c untergebracht.<\/p>\t\t\t\t\t\t<\/div>\n\t\t\t\t<\/div>\n\t\t\t\t<div class=\"elementor-element elementor-element-6ac5e5f elementor-widget elementor-widget-n-accordion\" data-id=\"6ac5e5f\" data-element_type=\"widget\" data-settings=\"{&quot;default_state&quot;:&quot;all_collapsed&quot;,&quot;max_items_expended&quot;:&quot;one&quot;,&quot;n_accordion_animation_duration&quot;:{&quot;unit&quot;:&quot;ms&quot;,&quot;size&quot;:400,&quot;sizes&quot;:[]}}\" data-widget_type=\"nested-accordion.default\">\n\t\t\t\t<div class=\"elementor-widget-container\">\n\t\t\t\t\t<div class=\"e-n-accordion\" aria-label=\"Accordion. Open links with Enter or Space, close with Escape, and navigate with Arrow Keys\">\n\t\t\t\t\t\t<details id=\"e-n-accordion-item-1110\" class=\"e-n-accordion-item\" >\n\t\t\t\t<summary class=\"e-n-accordion-item-title\" data-accordion-index=\"1\" tabindex=\"0\" aria-expanded=\"false\" aria-controls=\"e-n-accordion-item-1110\" >\n\t\t\t\t\t<span class='e-n-accordion-item-title-header'><div class=\"e-n-accordion-item-title-text\"> Mehr zu Anwerbung <\/div><\/span>\n\t\t\t\t\t\t\t<span class='e-n-accordion-item-title-icon'>\n\t\t\t<span class='e-opened' ><svg aria-hidden=\"true\" class=\"e-font-icon-svg e-fas-minus\" viewBox=\"0 0 448 512\" xmlns=\"http:\/\/www.w3.org\/2000\/svg\"><path d=\"M416 208H32c-17.67 0-32 14.33-32 32v32c0 17.67 14.33 32 32 32h384c17.67 0 32-14.33 32-32v-32c0-17.67-14.33-32-32-32z\"><\/path><\/svg><\/span>\n\t\t\t<span class='e-closed'><svg aria-hidden=\"true\" class=\"e-font-icon-svg e-fas-plus\" viewBox=\"0 0 448 512\" xmlns=\"http:\/\/www.w3.org\/2000\/svg\"><path d=\"M416 208H272V64c0-17.67-14.33-32-32-32h-32c-17.67 0-32 14.33-32 32v144H32c-17.67 0-32 14.33-32 32v32c0 17.67 14.33 32 32 32h144v144c0 17.67 14.33 32 32 32h32c17.67 0 32-14.33 32-32V304h144c17.67 0 32-14.33 32-32v-32c0-17.67-14.33-32-32-32z\"><\/path><\/svg><\/span>\n\t\t<\/span>\n\n\t\t\t\t\t\t<\/summary>\n\t\t\t\t<div role=\"region\" aria-labelledby=\"e-n-accordion-item-1110\" class=\"elementor-element elementor-element-de93bdf e-con-full e-flex e-con e-child\" data-id=\"de93bdf\" data-element_type=\"container\">\n\t\t\t\t<div class=\"elementor-element elementor-element-f34bdd2 elementor-widget elementor-widget-text-editor\" data-id=\"f34bdd2\" data-element_type=\"widget\" data-widget_type=\"text-editor.default\">\n\t\t\t\t<div class=\"elementor-widget-container\">\n\t\t\t\t\t\t\t<p>Es gibt unterschiedliche Antworten auf die Frage, wie ZwangsarbeiterInnen in das Deutsche Reich kommen. Nur wenige sind freiwillig hier. Die NS-Beh\u00f6rden versuchen unter falschen Versprechungen in befreundeten L\u00e4ndern und den besetzten Gebieten Freiwillige anzuwerben. Weil sich nur wenige melden, \u00fcben sie massiven Druck aus und verschleppen Menschen in das Deutsche Reich zur Zwangsarbeit. Auch Kriegsgefangene werden als Zwangsarbeiter eingesetzt.<\/p><p>In Tirol und Vorarlberg gibt es zwischen 20.000 und 30.000 ausl\u00e4ndische Arbeitskr\u00e4fte und Kriegsgefangene. Marija Kukurusa-Schwei\u00dfgut aus der Ukraine ist eine von ihnen. Die deutschen Besatzer verschleppen sie und andere M\u00e4dchen in einem Viehwaggon aus ihrer Heimat nach Tirol. In W\u00f6rgl gibt es ein Durchgangslager. Von dort aus werden die ZwangsarbeiterInnen auf ganz Tirol und Vorarlberg verteilt. Die damals 14 Jahre alte Marija erinnert sich an Misshandlungen und Dem\u00fctigungen in W\u00f6rgl: \u201eIm Lager war es furchtbar.\u201c<\/p>\t\t\t\t\t\t<\/div>\n\t\t\t\t<\/div>\n\t\t\t\t<\/div>\n\t\t\t\t\t<\/details>\n\t\t\t\t\t<\/div>\n\t\t\t\t<\/div>\n\t\t\t\t<\/div>\n\t\t<div class=\"elementor-element elementor-element-070646b e-con-full e-grid e-con e-child\" data-id=\"070646b\" data-element_type=\"container\" data-settings=\"{&quot;background_background&quot;:&quot;classic&quot;}\">\n\t\t\t\t<div class=\"elementor-element elementor-element-09e8739 elementor-widget elementor-widget-image\" data-id=\"09e8739\" data-element_type=\"widget\" data-widget_type=\"image.default\">\n\t\t\t\t<div class=\"elementor-widget-container\">\n\t\t\t\t\t\t\t\t\t\t\t\t\t<img decoding=\"async\" src=\"https:\/\/tirolerinnern.at\/kirchbichl\/wp-content\/uploads\/sites\/2\/elementor\/thumbs\/B4-qxv4ipvu7vl0vfiwvuovs5fl10uqaqdri7w8f7tl7k.jpg\" title=\"B4\" alt=\"B4\" loading=\"lazy\" \/>\t\t\t\t\t\t\t\t\t\t\t\t\t<\/div>\n\t\t\t\t<\/div>\n\t\t<div class=\"elementor-element elementor-element-c511e99 e-con-full e-flex e-con e-child\" data-id=\"c511e99\" data-element_type=\"container\">\n\t\t<div class=\"elementor-element elementor-element-db19b22 e-con-full e-flex e-con e-child\" data-id=\"db19b22\" data-element_type=\"container\">\n\t\t\t\t<div class=\"elementor-element elementor-element-f53715d elementor-widget elementor-widget-heading\" data-id=\"f53715d\" data-element_type=\"widget\" data-widget_type=\"heading.default\">\n\t\t\t\t<div class=\"elementor-widget-container\">\n\t\t\t<h2 class=\"elementor-heading-title elementor-size-default\">Annemarie Edenhauser <\/h2>\t\t<\/div>\n\t\t\t\t<\/div>\n\t\t\t\t<div class=\"elementor-element elementor-element-f12be9b elementor-widget elementor-widget-text-editor\" data-id=\"f12be9b\" data-element_type=\"widget\" data-widget_type=\"text-editor.default\">\n\t\t\t\t<div class=\"elementor-widget-container\">\n\t\t\t\t\t\t\t<p>Annemarie Edenhauser wohnt in H\u00e4ring und ist 28 Jahre alt. Sie ist seit vier Jahren verheiratet. Ihr Mann ist Soldat der Deutschen Wehrmacht in Norwegen. Die beiden haben keine Kinder.<\/p>\t\t\t\t\t\t<\/div>\n\t\t\t\t<\/div>\n\t\t\t\t<\/div>\n\t\t\t\t<\/div>\n\t\t\t\t<\/div>\n\t\t<div class=\"elementor-element elementor-element-e2660dc e-con-full e-grid elementor-hidden-mobile e-con e-child\" data-id=\"e2660dc\" data-element_type=\"container\" data-settings=\"{&quot;background_background&quot;:&quot;classic&quot;}\">\n\t\t<div class=\"elementor-element elementor-element-d6443d8 e-con-full e-flex e-con e-child\" data-id=\"d6443d8\" data-element_type=\"container\">\n\t\t<div class=\"elementor-element elementor-element-69e6d6b e-con-full e-flex e-con e-child\" data-id=\"69e6d6b\" data-element_type=\"container\">\n\t\t\t\t<div class=\"elementor-element elementor-element-a1c0fc3 elementor-widget elementor-widget-heading\" data-id=\"a1c0fc3\" data-element_type=\"widget\" data-widget_type=\"heading.default\">\n\t\t\t\t<div class=\"elementor-widget-container\">\n\t\t\t<h2 class=\"elementor-heading-title elementor-size-default\">Hedwig Schwendter<\/h2>\t\t<\/div>\n\t\t\t\t<\/div>\n\t\t\t\t<div class=\"elementor-element elementor-element-d96d4a2 elementor-widget elementor-widget-text-editor\" data-id=\"d96d4a2\" data-element_type=\"widget\" data-widget_type=\"text-editor.default\">\n\t\t\t\t<div class=\"elementor-widget-container\">\n\t\t\t\t\t\t\t<p>Hedwig Schwendter wohnt ebenfalls in H\u00e4ring. Sie ist sechs Jahre \u00e4lter als Annemarie und schon seit 1933 verheiratet. Auch ihr Mann dient in der Wehrmacht und befindet sich in Wien. Das Paar hat keine Kinder. Hedwig k\u00fcmmert sich um den Haushalt ihres Bruders Johann und seine vier Kinder. Wir verf\u00fcgen \u00fcber kein Foto von ihr.<\/p>\t\t\t\t\t\t<\/div>\n\t\t\t\t<\/div>\n\t\t\t\t<\/div>\n\t\t\t\t<\/div>\n\t\t\t\t<div class=\"elementor-element elementor-element-1004b0d elementor-widget elementor-widget-image\" data-id=\"1004b0d\" data-element_type=\"widget\" data-widget_type=\"image.default\">\n\t\t\t\t<div class=\"elementor-widget-container\">\n\t\t\t\t\t\t\t\t\t\t\t\t\t<img decoding=\"async\" src=\"https:\/\/tirolerinnern.at\/kirchbichl\/wp-content\/uploads\/sites\/2\/elementor\/thumbs\/B5-qxv4ugva317sas3eflwf44ppnegra9i1oznemmaxeo.jpg\" title=\"B5\" alt=\"Hedwig Schwendter wohnt ebenfalls in H\u00e4ring. Sie ist sechs Jahre \u00e4lter als Annemarie und schon seit 1933 verheiratet. Auch ihr Mann dient in der Wehrmacht und befindet sich in Wien. Das Paar hat keine Kinder. Hedwig k\u00fcmmert sich um den Haushalt ihres Bruders Johann und seine vier Kinder.\" loading=\"lazy\" \/>\t\t\t\t\t\t\t\t\t\t\t\t\t<\/div>\n\t\t\t\t<\/div>\n\t\t\t\t<\/div>\n\t\t<div class=\"elementor-element elementor-element-66b61fe e-con-full e-grid elementor-hidden-desktop elementor-hidden-tablet e-con e-child\" data-id=\"66b61fe\" data-element_type=\"container\" data-settings=\"{&quot;background_background&quot;:&quot;classic&quot;}\">\n\t\t\t\t<div class=\"elementor-element elementor-element-470e281 elementor-widget elementor-widget-image\" data-id=\"470e281\" data-element_type=\"widget\" data-widget_type=\"image.default\">\n\t\t\t\t<div class=\"elementor-widget-container\">\n\t\t\t\t\t\t\t\t\t\t\t\t\t<img decoding=\"async\" src=\"https:\/\/tirolerinnern.at\/kirchbichl\/wp-content\/uploads\/sites\/2\/elementor\/thumbs\/B5-qxv4ugva317sas3eflwf44ppnegra9i1oznemmaxeo.jpg\" title=\"B5\" alt=\"Hedwig Schwendter wohnt ebenfalls in H\u00e4ring. Sie ist sechs Jahre \u00e4lter als Annemarie und schon seit 1933 verheiratet. Auch ihr Mann dient in der Wehrmacht und befindet sich in Wien. Das Paar hat keine Kinder. Hedwig k\u00fcmmert sich um den Haushalt ihres Bruders Johann und seine vier Kinder.\" loading=\"lazy\" \/>\t\t\t\t\t\t\t\t\t\t\t\t\t<\/div>\n\t\t\t\t<\/div>\n\t\t<div class=\"elementor-element elementor-element-fa438dd e-con-full e-flex e-con e-child\" data-id=\"fa438dd\" data-element_type=\"container\">\n\t\t<div class=\"elementor-element elementor-element-ab25f86 e-con-full e-flex e-con e-child\" data-id=\"ab25f86\" data-element_type=\"container\">\n\t\t\t\t<div class=\"elementor-element elementor-element-898f3db elementor-widget elementor-widget-heading\" data-id=\"898f3db\" data-element_type=\"widget\" data-widget_type=\"heading.default\">\n\t\t\t\t<div class=\"elementor-widget-container\">\n\t\t\t<h2 class=\"elementor-heading-title elementor-size-default\">Hedwig Schwendter<\/h2>\t\t<\/div>\n\t\t\t\t<\/div>\n\t\t\t\t<div class=\"elementor-element elementor-element-c2f1ddc elementor-widget elementor-widget-text-editor\" data-id=\"c2f1ddc\" data-element_type=\"widget\" data-widget_type=\"text-editor.default\">\n\t\t\t\t<div class=\"elementor-widget-container\">\n\t\t\t\t\t\t\t<p>Hedwig Schwendter wohnt ebenfalls in H\u00e4ring. Sie ist sechs Jahre \u00e4lter als Annemarie und schon seit 1933 verheiratet. Auch ihr Mann dient in der Wehrmacht und befindet sich in Wien. Das Paar hat keine Kinder. Hedwig k\u00fcmmert sich um den Haushalt ihres Bruders Johann und seine vier Kinder.<\/p>\t\t\t\t\t\t<\/div>\n\t\t\t\t<\/div>\n\t\t\t\t<\/div>\n\t\t\t\t<\/div>\n\t\t\t\t<\/div>\n\t\t\t\t<div class=\"elementor-element elementor-element-288e9dd elementor-widget elementor-widget-text-editor\" data-id=\"288e9dd\" data-element_type=\"widget\" data-widget_type=\"text-editor.default\">\n\t\t\t\t<div class=\"elementor-widget-container\">\n\t\t\t\t\t\t\t<p>Annemarie ist mit Peter Edenhauser, einem Bruder Hedwigs verheiratet. Die beiden Frauen kennen sich daher sehr gut. Sie sind keine Nationalsozialistinnen \u2013 ganz im Gegenteil. In der Zementfabrik, in der sie arbeiten, sollen sie sogar absichtlich eine Maschine zerst\u00f6rt haben, um der NS-Wirtschaft zu schaden.\u00a0<\/p>\t\t\t\t\t\t<\/div>\n\t\t\t\t<\/div>\n\t\t\t\t<\/div>\n\t\t\t\t\t<\/div>\n\t\t\t\t<\/div>\n\t\t<div class=\"elementor-element elementor-element-db5bb68 e-flex e-con-boxed e-con e-parent\" data-id=\"db5bb68\" data-element_type=\"container\" data-settings=\"{&quot;background_background&quot;:&quot;classic&quot;}\">\n\t\t\t\t\t<div class=\"e-con-inner\">\n\t\t\t\t<div class=\"elementor-element elementor-element-9628113 elementor-widget elementor-widget-heading\" data-id=\"9628113\" data-element_type=\"widget\" data-widget_type=\"heading.default\">\n\t\t\t\t<div class=\"elementor-widget-container\">\n\t\t\t<h2 class=\"elementor-heading-title elementor-size-default\">Verhaftung und Befragung<\/h2>\t\t<\/div>\n\t\t\t\t<\/div>\n\t\t\t\t<div class=\"elementor-element elementor-element-269fdad elementor-widget elementor-widget-text-editor\" data-id=\"269fdad\" data-element_type=\"widget\" data-widget_type=\"text-editor.default\">\n\t\t\t\t<div class=\"elementor-widget-container\">\n\t\t\t\t\t\t\t<p>Beim Abendspaziergang sehen Rudolf L. und seine Frau Berta die beiden Frauen mit ihren polnischen Begleitern. Bei einer NS-Versammlung, die kurze Zeit sp\u00e4ter in Kirchbichl stattfindet, erz\u00e4hlt Rudolf davon. Der zust\u00e4ndige Ortsgruppenleiter Franz T. zeigt den Vorfall am 15. Juni 1940 sofort an.\u00a0<\/p>\t\t\t\t\t\t<\/div>\n\t\t\t\t<\/div>\n\t\t\t\t\t<\/div>\n\t\t\t\t<\/div>\n\t\t<div class=\"elementor-element elementor-element-ffd9f47 e-flex e-con-boxed e-con e-parent\" data-id=\"ffd9f47\" data-element_type=\"container\">\n\t\t\t\t\t<div class=\"e-con-inner\">\n\t\t<div class=\"elementor-element elementor-element-a2b20f3 e-con-full e-flex e-con e-child\" data-id=\"a2b20f3\" data-element_type=\"container\" data-settings=\"{&quot;background_background&quot;:&quot;classic&quot;}\">\n\t\t\t\t<div class=\"elementor-element elementor-element-e1c6447 elementor-invisible elementor-widget elementor-widget-qi_addons_for_elementor_blockquote\" data-id=\"e1c6447\" data-element_type=\"widget\" data-settings=\"{&quot;_animation&quot;:&quot;zoomIn&quot;}\" data-widget_type=\"qi_addons_for_elementor_blockquote.default\">\n\t\t\t\t<div class=\"elementor-widget-container\">\n\t\t\t<div class=\"qodef-shortcode qodef-m  qodef-qi-blockquote qodef-layout--inline qodef--icon-pack\">\n\t\t\t<h3 class=\"qodef-m-text\">\n\t\t\t\t\t\t\t<span class=\"qodef-m-icon\">\n\t\t\t\t\t<svg aria-hidden=\"true\" class=\"e-font-icon-svg e-fas-quote-right\" viewBox=\"0 0 512 512\" xmlns=\"http:\/\/www.w3.org\/2000\/svg\"><path d=\"M464 32H336c-26.5 0-48 21.5-48 48v128c0 26.5 21.5 48 48 48h80v64c0 35.3-28.7 64-64 64h-8c-13.3 0-24 10.7-24 24v48c0 13.3 10.7 24 24 24h8c88.4 0 160-71.6 160-160V80c0-26.5-21.5-48-48-48zm-288 0H48C21.5 32 0 53.5 0 80v128c0 26.5 21.5 48 48 48h80v64c0 35.3-28.7 64-64 64h-8c-13.3 0-24 10.7-24 24v48c0 13.3 10.7 24 24 24h8c88.4 0 160-71.6 160-160V80c0-26.5-21.5-48-48-48z\"><\/path><\/svg>\t\t\t\t<\/span>\n\t\t\t\t\t\t\"Wie es meine Pflicht war(,) habe ich wahrscheinlich kurz darauf dem Gendarmeriepostenkommandanten von diesem Vorkommnis Mitteilung gemacht.\"\t\t<\/h3>\n\t<\/div>\n\t\t<\/div>\n\t\t\t\t<\/div>\n\t\t\t\t<div class=\"elementor-element elementor-element-a21405b elementor-widget elementor-widget-text-editor\" data-id=\"a21405b\" data-element_type=\"widget\" data-widget_type=\"text-editor.default\">\n\t\t\t\t<div class=\"elementor-widget-container\">\n\t\t\t\t\t\t\t<p>Noch am selben Tag nimmt der Postenkommandant der Gendarmerie Kirchbichl Annemarie Edenhauser und Hedwig Schwendter fest. Sie bestreiten die Vorw\u00fcrfe, werden aber trotzdem eingesperrt. Sp\u00e4ter gibt Annemarie zu, die beiden polnischen M\u00e4nner zu kennen und nennt ihre Namen. Man schwindelt ihr vor, dass ein Gest\u00e4ndnis den Polen helfen w\u00fcrde. Stefan Widla und Jan Kosnik werden sofort verhaftet. Die Geheime Staatspolizei \u00fcberstellt sie so wie die beiden Frauen in das Polizeigef\u00e4ngnis in Innsbruck.<\/p>\t\t\t\t\t\t<\/div>\n\t\t\t\t<\/div>\n\t\t\t\t<\/div>\n\t\t\t\t\t<\/div>\n\t\t\t\t<\/div>\n\t\t<div class=\"elementor-element elementor-element-f66b602 e-flex e-con-boxed e-con e-parent\" data-id=\"f66b602\" data-element_type=\"container\" data-settings=\"{&quot;background_background&quot;:&quot;classic&quot;}\">\n\t\t\t\t\t<div class=\"e-con-inner\">\n\t\t\t\t<div class=\"elementor-element elementor-element-f5437f2 elementor-widget elementor-widget-spacer\" data-id=\"f5437f2\" data-element_type=\"widget\" data-widget_type=\"spacer.default\">\n\t\t\t\t<div class=\"elementor-widget-container\">\n\t\t\t\t\t<div class=\"elementor-spacer\">\n\t\t\t<div class=\"elementor-spacer-inner\"><\/div>\n\t\t<\/div>\n\t\t\t\t<\/div>\n\t\t\t\t<\/div>\n\t\t\t\t<div class=\"elementor-element elementor-element-3f897a7 elementor-widget elementor-widget-heading\" data-id=\"3f897a7\" data-element_type=\"widget\" data-widget_type=\"heading.default\">\n\t\t\t\t<div class=\"elementor-widget-container\">\n\t\t\t<h2 class=\"elementor-heading-title elementor-size-default\">Hier geht es zu den weiteren Kapiteln:<\/h2>\t\t<\/div>\n\t\t\t\t<\/div>\n\t\t<div class=\"elementor-element elementor-element-b5863af e-con-full e-grid e-con e-child\" data-id=\"b5863af\" data-element_type=\"container\">\n\t\t\t\t<div class=\"elementor-element elementor-element-5cc2d7a elementor-widget elementor-widget-qi_addons_for_elementor_banner\" data-id=\"5cc2d7a\" data-element_type=\"widget\" data-widget_type=\"qi_addons_for_elementor_banner.default\">\n\t\t\t\t<div class=\"elementor-widget-container\">\n\t\t\t<div class=\"qodef-shortcode qodef-m  qodef-qi-banner qodef-layout--standard qodef-vertical--bottom qodef-horizontal--left qodef-image--hover-zoom \">\n\t<div class=\"qodef-m-image\">\n\t<img loading=\"lazy\" decoding=\"async\" width=\"909\" height=\"606\" src=\"https:\/\/tirolerinnern.at\/kirchbichl\/wp-content\/uploads\/sites\/2\/2024\/12\/A1-png.png\" class=\"attachment-full size-full\" alt=\"\" srcset=\"https:\/\/tirolerinnern.at\/kirchbichl\/wp-content\/uploads\/sites\/2\/2024\/12\/A1-png.png 909w, https:\/\/tirolerinnern.at\/kirchbichl\/wp-content\/uploads\/sites\/2\/2024\/12\/A1-png-300x200.png 300w, https:\/\/tirolerinnern.at\/kirchbichl\/wp-content\/uploads\/sites\/2\/2024\/12\/A1-png-768x512.png 768w\" sizes=\"(max-width: 909px) 100vw, 909px\" \/><\/div>\n\t<div class=\"qodef-m-content\">\n\t\t<div class=\"qodef-m-content-inner\">\n\t\t\t\t\t\t\t<h3 class=\"qodef-m-title\">\n\t\tWas geschah in Kirchbichl?\t<\/h3>\n\t\t\t\t\t\t\t\t<\/div>\n\t<\/div>\n\t\t<a itemprop=\"url\" href=\"https:\/\/tirolerinnern.at\/kirchbichl\/kapitel-1\/\" class=\"qodef-m-banner-link\" target=\"_self\"><\/a>\n<\/div>\n\t\t<\/div>\n\t\t\t\t<\/div>\n\t\t\t\t<div class=\"elementor-element elementor-element-ca09724 elementor-widget elementor-widget-qi_addons_for_elementor_banner\" data-id=\"ca09724\" data-element_type=\"widget\" data-widget_type=\"qi_addons_for_elementor_banner.default\">\n\t\t\t\t<div class=\"elementor-widget-container\">\n\t\t\t<div class=\"qodef-shortcode qodef-m  qodef-qi-banner qodef-layout--standard qodef-vertical--bottom qodef-horizontal--left qodef-image--hover-zoom \">\n\t<div class=\"qodef-m-image\">\n\t<img loading=\"lazy\" decoding=\"async\" width=\"909\" height=\"606\" src=\"https:\/\/tirolerinnern.at\/kirchbichl\/wp-content\/uploads\/sites\/2\/2024\/11\/C1-png.png\" class=\"attachment-full size-full\" alt=\"\" srcset=\"https:\/\/tirolerinnern.at\/kirchbichl\/wp-content\/uploads\/sites\/2\/2024\/11\/C1-png.png 909w, https:\/\/tirolerinnern.at\/kirchbichl\/wp-content\/uploads\/sites\/2\/2024\/11\/C1-png-300x200.png 300w, https:\/\/tirolerinnern.at\/kirchbichl\/wp-content\/uploads\/sites\/2\/2024\/11\/C1-png-768x512.png 768w\" sizes=\"(max-width: 909px) 100vw, 909px\" \/><\/div>\n\t<div class=\"qodef-m-content\">\n\t\t<div class=\"qodef-m-content-inner\">\n\t\t\t\t\t\t\t<h3 class=\"qodef-m-title\">\n\t\tWas passierte danach?\t<\/h3>\n\t\t\t\t\t\t\t\t<\/div>\n\t<\/div>\n\t\t<a itemprop=\"url\" href=\"https:\/\/tirolerinnern.at\/kirchbichl\/kapitel-3\/\" class=\"qodef-m-banner-link\" target=\"_self\"><\/a>\n<\/div>\n\t\t<\/div>\n\t\t\t\t<\/div>\n\t\t\t\t<\/div>\n\t\t\t\t\t<\/div>\n\t\t\t\t<\/div>\n\t\t<div class=\"elementor-element elementor-element-139649b e-flex e-con-boxed e-con e-parent\" data-id=\"139649b\" data-element_type=\"container\" data-settings=\"{&quot;background_background&quot;:&quot;gradient&quot;}\">\n\t\t\t\t\t<div class=\"e-con-inner\">\n\t\t\t\t\t<\/div>\n\t\t\t\t<\/div>\n\t\t\t\t<\/div>\n\t\t","protected":false},"excerpt":{"rendered":"<p>Wie kam es dazu? Verbotene Beziehungen Wie sich Stefan Widla, Jan Kosnik, Annemarie Edenhauser und Hedwig Schwendter kennenlernen, wissen wir nicht. Es ist nicht einmal sicher, ob sie tats\u00e4chlich eine Liebesbeziehung verbindet. Sie treffen sich \u00f6fters zum Tanzen und besuchen gemeinsam kleinere Feste. \u00a0 Stefan Widla Stefan Widla stammt aus der N\u00e4he von Krakau. Er [&hellip;]<\/p>\n","protected":false},"author":1,"featured_media":0,"parent":0,"menu_order":0,"comment_status":"closed","ping_status":"closed","template":"","meta":{"ocean_post_layout":"full-screen","ocean_both_sidebars_style":"","ocean_both_sidebars_content_width":0,"ocean_both_sidebars_sidebars_width":0,"ocean_sidebar":"","ocean_second_sidebar":"","ocean_disable_margins":"enable","ocean_add_body_class":"","ocean_shortcode_before_top_bar":"","ocean_shortcode_after_top_bar":"","ocean_shortcode_before_header":"","ocean_shortcode_after_header":"","ocean_has_shortcode":"","ocean_shortcode_after_title":"","ocean_shortcode_before_footer_widgets":"","ocean_shortcode_after_footer_widgets":"","ocean_shortcode_before_footer_bottom":"","ocean_shortcode_after_footer_bottom":"","ocean_display_top_bar":"off","ocean_display_header":"default","ocean_header_style":"","ocean_center_header_left_menu":"","ocean_custom_header_template":"","ocean_custom_logo":0,"ocean_custom_retina_logo":0,"ocean_custom_logo_max_width":0,"ocean_custom_logo_tablet_max_width":0,"ocean_custom_logo_mobile_max_width":0,"ocean_custom_logo_max_height":0,"ocean_custom_logo_tablet_max_height":0,"ocean_custom_logo_mobile_max_height":0,"ocean_header_custom_menu":"","ocean_menu_typo_font_family":"","ocean_menu_typo_font_subset":"","ocean_menu_typo_font_size":0,"ocean_menu_typo_font_size_tablet":0,"ocean_menu_typo_font_size_mobile":0,"ocean_menu_typo_font_size_unit":"px","ocean_menu_typo_font_weight":"","ocean_menu_typo_font_weight_tablet":"","ocean_menu_typo_font_weight_mobile":"","ocean_menu_typo_transform":"","ocean_menu_typo_transform_tablet":"","ocean_menu_typo_transform_mobile":"","ocean_menu_typo_line_height":0,"ocean_menu_typo_line_height_tablet":0,"ocean_menu_typo_line_height_mobile":0,"ocean_menu_typo_line_height_unit":"","ocean_menu_typo_spacing":0,"ocean_menu_typo_spacing_tablet":0,"ocean_menu_typo_spacing_mobile":0,"ocean_menu_typo_spacing_unit":"","ocean_menu_link_color":"","ocean_menu_link_color_hover":"","ocean_menu_link_color_active":"","ocean_menu_link_background":"","ocean_menu_link_hover_background":"","ocean_menu_link_active_background":"","ocean_menu_social_links_bg":"","ocean_menu_social_hover_links_bg":"","ocean_menu_social_links_color":"","ocean_menu_social_hover_links_color":"","ocean_disable_title":"on","ocean_disable_heading":"default","ocean_post_title":"","ocean_post_subheading":"","ocean_post_title_style":"","ocean_post_title_background_color":"","ocean_post_title_background":0,"ocean_post_title_bg_image_position":"","ocean_post_title_bg_image_attachment":"","ocean_post_title_bg_image_repeat":"","ocean_post_title_bg_image_size":"","ocean_post_title_height":0,"ocean_post_title_bg_overlay":0.5,"ocean_post_title_bg_overlay_color":"","ocean_disable_breadcrumbs":"default","ocean_breadcrumbs_color":"","ocean_breadcrumbs_separator_color":"","ocean_breadcrumbs_links_color":"","ocean_breadcrumbs_links_hover_color":"","ocean_display_footer_widgets":"off","ocean_display_footer_bottom":"off","ocean_custom_footer_template":"","footnotes":""},"class_list":["post-111","page","type-page","status-publish","hentry","entry"],"_links":{"self":[{"href":"https:\/\/tirolerinnern.at\/kirchbichl\/wp-json\/wp\/v2\/pages\/111","targetHints":{"allow":["GET"]}}],"collection":[{"href":"https:\/\/tirolerinnern.at\/kirchbichl\/wp-json\/wp\/v2\/pages"}],"about":[{"href":"https:\/\/tirolerinnern.at\/kirchbichl\/wp-json\/wp\/v2\/types\/page"}],"author":[{"embeddable":true,"href":"https:\/\/tirolerinnern.at\/kirchbichl\/wp-json\/wp\/v2\/users\/1"}],"replies":[{"embeddable":true,"href":"https:\/\/tirolerinnern.at\/kirchbichl\/wp-json\/wp\/v2\/comments?post=111"}],"version-history":[{"count":299,"href":"https:\/\/tirolerinnern.at\/kirchbichl\/wp-json\/wp\/v2\/pages\/111\/revisions"}],"predecessor-version":[{"id":2026,"href":"https:\/\/tirolerinnern.at\/kirchbichl\/wp-json\/wp\/v2\/pages\/111\/revisions\/2026"}],"wp:attachment":[{"href":"https:\/\/tirolerinnern.at\/kirchbichl\/wp-json\/wp\/v2\/media?parent=111"}],"curies":[{"name":"wp","href":"https:\/\/api.w.org\/{rel}","templated":true}]}}