{"id":113,"date":"2024-11-26T23:40:04","date_gmt":"2024-11-26T22:40:04","guid":{"rendered":"https:\/\/tirolerinnern.at\/kirchbichl\/?page_id=113"},"modified":"2025-04-19T19:55:38","modified_gmt":"2025-04-19T17:55:38","slug":"kapitel-3","status":"publish","type":"page","link":"https:\/\/tirolerinnern.at\/kirchbichl\/kapitel-3\/","title":{"rendered":"Kapitel 3"},"content":{"rendered":"\t\t<div data-elementor-type=\"wp-page\" data-elementor-id=\"113\" class=\"elementor elementor-113\">\n\t\t\t\t<div class=\"elementor-element elementor-element-def71f5 e-flex e-con-boxed e-con e-parent\" data-id=\"def71f5\" data-element_type=\"container\" data-settings=\"{&quot;background_background&quot;:&quot;slideshow&quot;,&quot;background_slideshow_gallery&quot;:[{&quot;id&quot;:&quot;1138&quot;,&quot;url&quot;:&quot;https:\\\/\\\/tirolerinnern.at\\\/kirchbichl\\\/wp-content\\\/uploads\\\/sites\\\/2\\\/2024\\\/12\\\/C1-1024.jpg&quot;},{&quot;id&quot;:&quot;1139&quot;,&quot;url&quot;:&quot;https:\\\/\\\/tirolerinnern.at\\\/kirchbichl\\\/wp-content\\\/uploads\\\/sites\\\/2\\\/2024\\\/12\\\/C2-1024.jpg&quot;}],&quot;background_slideshow_loop&quot;:&quot;yes&quot;,&quot;background_slideshow_slide_duration&quot;:5000,&quot;background_slideshow_slide_transition&quot;:&quot;fade&quot;,&quot;background_slideshow_transition_duration&quot;:500}\">\n\t\t\t\t\t<div class=\"e-con-inner\">\n\t\t\t\t<div class=\"elementor-element elementor-element-0fdd758 elementor-widget elementor-widget-heading\" data-id=\"0fdd758\" data-element_type=\"widget\" data-widget_type=\"heading.default\">\n\t\t\t\t<div class=\"elementor-widget-container\">\n\t\t\t<h2 class=\"elementor-heading-title elementor-size-default\">Was passierte danach?<\/h2>\t\t<\/div>\n\t\t\t\t<\/div>\n\t\t\t\t\t<\/div>\n\t\t\t\t<\/div>\n\t\t<div class=\"elementor-element elementor-element-81d3a6e e-flex e-con-boxed e-con e-parent\" data-id=\"81d3a6e\" data-element_type=\"container\" data-settings=\"{&quot;background_background&quot;:&quot;classic&quot;}\">\n\t\t\t\t\t<div class=\"e-con-inner\">\n\t\t\t\t<div class=\"elementor-element elementor-element-4ef72a0 elementor-widget elementor-widget-heading\" data-id=\"4ef72a0\" data-element_type=\"widget\" data-widget_type=\"heading.default\">\n\t\t\t\t<div class=\"elementor-widget-container\">\n\t\t\t<h2 class=\"elementor-heading-title elementor-size-default\">KZ Ravensbr\u00fcck und Auschwitz<\/h2>\t\t<\/div>\n\t\t\t\t<\/div>\n\t\t\t\t\t<\/div>\n\t\t\t\t<\/div>\n\t\t<div class=\"elementor-element elementor-element-2c718f3 e-flex e-con-boxed e-con e-parent\" data-id=\"2c718f3\" data-element_type=\"container\" data-settings=\"{&quot;background_background&quot;:&quot;classic&quot;}\">\n\t\t\t\t\t<div class=\"e-con-inner\">\n\t\t<div class=\"elementor-element elementor-element-edb694b e-con-full e-flex e-con e-child\" data-id=\"edb694b\" data-element_type=\"container\" data-settings=\"{&quot;background_background&quot;:&quot;classic&quot;}\">\n\t\t\t\t<div class=\"elementor-element elementor-element-d2adc66 elementor-widget elementor-widget-image\" data-id=\"d2adc66\" data-element_type=\"widget\" data-widget_type=\"image.default\">\n\t\t\t\t<div class=\"elementor-widget-container\">\n\t\t\t\t\t\t\t\t\t\t\t\t\t<img fetchpriority=\"high\" decoding=\"async\" width=\"1024\" height=\"736\" src=\"https:\/\/tirolerinnern.at\/kirchbichl\/wp-content\/uploads\/sites\/2\/2024\/12\/C3-1024.png\" class=\"attachment-large size-large wp-image-1181\" alt=\"\" srcset=\"https:\/\/tirolerinnern.at\/kirchbichl\/wp-content\/uploads\/sites\/2\/2024\/12\/C3-1024.png 1024w, https:\/\/tirolerinnern.at\/kirchbichl\/wp-content\/uploads\/sites\/2\/2024\/12\/C3-1024-300x216.png 300w, https:\/\/tirolerinnern.at\/kirchbichl\/wp-content\/uploads\/sites\/2\/2024\/12\/C3-1024-768x552.png 768w\" sizes=\"(max-width: 1024px) 100vw, 1024px\" \/>\t\t\t\t\t\t\t\t\t\t\t\t\t<\/div>\n\t\t\t\t<\/div>\n\t\t\t\t<div class=\"elementor-element elementor-element-f0a20d1 elementor-widget elementor-widget-text-editor\" data-id=\"f0a20d1\" data-element_type=\"widget\" data-widget_type=\"text-editor.default\">\n\t\t\t\t<div class=\"elementor-widget-container\">\n\t\t\t\t\t\t\t<p>Drei Tage nach der Hinrichtung \u00fcberstellt die Geheime Staatspolizei Annemarie Edenhauser und Hedwig Schwendter in das Frauen-KZ Ravensbr\u00fcck. Ein halbes Jahr sp\u00e4ter werden die beiden Frauen ins KZ Auschwitz gebracht. Sie geh\u00f6ren zu den wenigen \u00dcberlebenden und kommen noch vor Kriegsende frei.<\/p><p>Beide sind von ihrer Haft gezeichnet, Hedwig stirbt schon im Alter von 44 Jahren. Auch nach dem Krieg glauben viele Menschen in Kirchbichl und H\u00e4ring, dass sie sich falsch verhalten h\u00e4tten. 1948 behauptet der ehemalige Postenkommandant der Gendarmerie, dass sie an allem schuld seien:<\/p>\t\t\t\t\t\t<\/div>\n\t\t\t\t<\/div>\n\t\t\t\t<div class=\"elementor-element elementor-element-d76356b elementor-invisible elementor-widget elementor-widget-qi_addons_for_elementor_blockquote\" data-id=\"d76356b\" data-element_type=\"widget\" data-settings=\"{&quot;_animation&quot;:&quot;zoomIn&quot;}\" data-widget_type=\"qi_addons_for_elementor_blockquote.default\">\n\t\t\t\t<div class=\"elementor-widget-container\">\n\t\t\t<div class=\"qodef-shortcode qodef-m  qodef-qi-blockquote qodef-layout--inline qodef--icon-pack\">\n\t\t\t<h3 class=\"qodef-m-text\">\n\t\t\t\t\t\t\t<span class=\"qodef-m-icon\">\n\t\t\t\t\t<svg aria-hidden=\"true\" class=\"e-font-icon-svg e-fas-quote-right\" viewBox=\"0 0 512 512\" xmlns=\"http:\/\/www.w3.org\/2000\/svg\"><path d=\"M464 32H336c-26.5 0-48 21.5-48 48v128c0 26.5 21.5 48 48 48h80v64c0 35.3-28.7 64-64 64h-8c-13.3 0-24 10.7-24 24v48c0 13.3 10.7 24 24 24h8c88.4 0 160-71.6 160-160V80c0-26.5-21.5-48-48-48zm-288 0H48C21.5 32 0 53.5 0 80v128c0 26.5 21.5 48 48 48h80v64c0 35.3-28.7 64-64 64h-8c-13.3 0-24 10.7-24 24v48c0 13.3 10.7 24 24 24h8c88.4 0 160-71.6 160-160V80c0-26.5-21.5-48-48-48z\"><\/path><\/svg>\t\t\t\t<\/span>\n\t\t\t\t\t\t\u201eDiese zwei Frauen haben keinen guten Ruf in der Gemeinde Kirchbichl (\u2026). Die Einwohner der Gemeinde Kirchbichl w\u00e4ren auch daf\u00fcr gewesen, dass diese zwei Frauen miterh\u00e4ngt werden sollten (\u2026).\u201c\t\t<\/h3>\n\t<\/div>\n\t\t<\/div>\n\t\t\t\t<\/div>\n\t\t\t\t<div class=\"elementor-element elementor-element-81199d5 elementor-widget elementor-widget-image\" data-id=\"81199d5\" data-element_type=\"widget\" data-widget_type=\"image.default\">\n\t\t\t\t<div class=\"elementor-widget-container\">\n\t\t\t\t\t\t\t\t\t\t\t\t\t<img decoding=\"async\" width=\"1024\" height=\"737\" src=\"https:\/\/tirolerinnern.at\/kirchbichl\/wp-content\/uploads\/sites\/2\/2024\/12\/C4-1024.png\" class=\"attachment-large size-large wp-image-1182\" alt=\"\" srcset=\"https:\/\/tirolerinnern.at\/kirchbichl\/wp-content\/uploads\/sites\/2\/2024\/12\/C4-1024.png 1024w, https:\/\/tirolerinnern.at\/kirchbichl\/wp-content\/uploads\/sites\/2\/2024\/12\/C4-1024-300x216.png 300w, https:\/\/tirolerinnern.at\/kirchbichl\/wp-content\/uploads\/sites\/2\/2024\/12\/C4-1024-768x553.png 768w\" sizes=\"(max-width: 1024px) 100vw, 1024px\" \/>\t\t\t\t\t\t\t\t\t\t\t\t\t<\/div>\n\t\t\t\t<\/div>\n\t\t\t\t<div class=\"elementor-element elementor-element-3029d09 elementor-widget elementor-widget-text-editor\" data-id=\"3029d09\" data-element_type=\"widget\" data-widget_type=\"text-editor.default\">\n\t\t\t\t<div class=\"elementor-widget-container\">\n\t\t\t\t\t\t\t<p class=\"MsoNormal\">Einige Opfergruppen des Nationalsozialismus k\u00f6nnen nach 1945 um finanzielle Entsch\u00e4digung ansuchen. Annemarie Edenhauser stellt 1952 einen Antrag und muss daf\u00fcr ihre Verfolgung beweisen.\u00a0<\/p>\t\t\t\t\t\t<\/div>\n\t\t\t\t<\/div>\n\t\t\t\t<div class=\"elementor-element elementor-element-ad20db1 elementor-widget elementor-widget-image\" data-id=\"ad20db1\" data-element_type=\"widget\" data-widget_type=\"image.default\">\n\t\t\t\t<div class=\"elementor-widget-container\">\n\t\t\t\t\t\t\t\t\t\t\t\t\t<img decoding=\"async\" width=\"1024\" height=\"688\" src=\"https:\/\/tirolerinnern.at\/kirchbichl\/wp-content\/uploads\/sites\/2\/2024\/12\/C5-1024.png\" class=\"attachment-large size-large wp-image-1183\" alt=\"\" srcset=\"https:\/\/tirolerinnern.at\/kirchbichl\/wp-content\/uploads\/sites\/2\/2024\/12\/C5-1024.png 1024w, https:\/\/tirolerinnern.at\/kirchbichl\/wp-content\/uploads\/sites\/2\/2024\/12\/C5-1024-300x202.png 300w, https:\/\/tirolerinnern.at\/kirchbichl\/wp-content\/uploads\/sites\/2\/2024\/12\/C5-1024-768x516.png 768w\" sizes=\"(max-width: 1024px) 100vw, 1024px\" \/>\t\t\t\t\t\t\t\t\t\t\t\t\t<\/div>\n\t\t\t\t<\/div>\n\t\t\t\t<div class=\"elementor-element elementor-element-e4fae5f elementor-widget elementor-widget-text-editor\" data-id=\"e4fae5f\" data-element_type=\"widget\" data-widget_type=\"text-editor.default\">\n\t\t\t\t<div class=\"elementor-widget-container\">\n\t\t\t\t\t\t\t<p class=\"MsoNormal\">Die Tiroler Landesregierung lehnt ihr erstes Ansuchen ab, weil sie die Beziehung mit dem polnischen Zwangsarbeiter nur aus Eigeninteresse eingegangen sei und eine derartige Beziehung<\/p>\t\t\t\t\t\t<\/div>\n\t\t\t\t<\/div>\n\t\t\t\t<div class=\"elementor-element elementor-element-b3aecc5 elementor-invisible elementor-widget elementor-widget-qi_addons_for_elementor_blockquote\" data-id=\"b3aecc5\" data-element_type=\"widget\" data-settings=\"{&quot;_animation&quot;:&quot;zoomIn&quot;}\" data-widget_type=\"qi_addons_for_elementor_blockquote.default\">\n\t\t\t\t<div class=\"elementor-widget-container\">\n\t\t\t<div class=\"qodef-shortcode qodef-m  qodef-qi-blockquote qodef-layout--inline qodef--icon-pack\">\n\t\t\t<h3 class=\"qodef-m-text\">\n\t\t\t\t\t\t\t<span class=\"qodef-m-icon\">\n\t\t\t\t\t<svg aria-hidden=\"true\" class=\"e-font-icon-svg e-fas-quote-right\" viewBox=\"0 0 512 512\" xmlns=\"http:\/\/www.w3.org\/2000\/svg\"><path d=\"M464 32H336c-26.5 0-48 21.5-48 48v128c0 26.5 21.5 48 48 48h80v64c0 35.3-28.7 64-64 64h-8c-13.3 0-24 10.7-24 24v48c0 13.3 10.7 24 24 24h8c88.4 0 160-71.6 160-160V80c0-26.5-21.5-48-48-48zm-288 0H48C21.5 32 0 53.5 0 80v128c0 26.5 21.5 48 48 48h80v64c0 35.3-28.7 64-64 64h-8c-13.3 0-24 10.7-24 24v48c0 13.3 10.7 24 24 24h8c88.4 0 160-71.6 160-160V80c0-26.5-21.5-48-48-48z\"><\/path><\/svg>\t\t\t\t<\/span>\n\t\t\t\t\t\t\"die Moral der k\u00e4mpfenden Truppe und auch der Bev\u00f6lkerung im Hinterland schwer gef\u00e4hrden, zumal wenn es sich (...) um eine verheiratete Frau handelt, deren Mann einger\u00fcckt ist\u201c.\t\t<\/h3>\n\t<\/div>\n\t\t<\/div>\n\t\t\t\t<\/div>\n\t\t\t\t<div class=\"elementor-element elementor-element-36f8df6 elementor-widget elementor-widget-n-accordion\" data-id=\"36f8df6\" data-element_type=\"widget\" data-settings=\"{&quot;default_state&quot;:&quot;all_collapsed&quot;,&quot;max_items_expended&quot;:&quot;one&quot;,&quot;n_accordion_animation_duration&quot;:{&quot;unit&quot;:&quot;ms&quot;,&quot;size&quot;:400,&quot;sizes&quot;:[]}}\" data-widget_type=\"nested-accordion.default\">\n\t\t\t\t<div class=\"elementor-widget-container\">\n\t\t\t\t\t<div class=\"e-n-accordion\" aria-label=\"Accordion. Open links with Enter or Space, close with Escape, and navigate with Arrow Keys\">\n\t\t\t\t\t\t<details id=\"e-n-accordion-item-5760\" class=\"e-n-accordion-item\" >\n\t\t\t\t<summary class=\"e-n-accordion-item-title\" data-accordion-index=\"1\" tabindex=\"0\" aria-expanded=\"false\" aria-controls=\"e-n-accordion-item-5760\" >\n\t\t\t\t\t<span class='e-n-accordion-item-title-header'><div class=\"e-n-accordion-item-title-text\"> Mehr zu Opferf\u00fcrsorge <\/div><\/span>\n\t\t\t\t\t\t\t<span class='e-n-accordion-item-title-icon'>\n\t\t\t<span class='e-opened' ><svg aria-hidden=\"true\" class=\"e-font-icon-svg e-fas-minus\" viewBox=\"0 0 448 512\" xmlns=\"http:\/\/www.w3.org\/2000\/svg\"><path d=\"M416 208H32c-17.67 0-32 14.33-32 32v32c0 17.67 14.33 32 32 32h384c17.67 0 32-14.33 32-32v-32c0-17.67-14.33-32-32-32z\"><\/path><\/svg><\/span>\n\t\t\t<span class='e-closed'><svg aria-hidden=\"true\" class=\"e-font-icon-svg e-fas-plus\" viewBox=\"0 0 448 512\" xmlns=\"http:\/\/www.w3.org\/2000\/svg\"><path d=\"M416 208H272V64c0-17.67-14.33-32-32-32h-32c-17.67 0-32 14.33-32 32v144H32c-17.67 0-32 14.33-32 32v32c0 17.67 14.33 32 32 32h144v144c0 17.67 14.33 32 32 32h32c17.67 0 32-14.33 32-32V304h144c17.67 0 32-14.33 32-32v-32c0-17.67-14.33-32-32-32z\"><\/path><\/svg><\/span>\n\t\t<\/span>\n\n\t\t\t\t\t\t<\/summary>\n\t\t\t\t<div role=\"region\" aria-labelledby=\"e-n-accordion-item-5760\" class=\"elementor-element elementor-element-aea9956 e-con-full e-flex e-con e-child\" data-id=\"aea9956\" data-element_type=\"container\">\n\t\t\t\t<div class=\"elementor-element elementor-element-1159258 elementor-widget elementor-widget-text-editor\" data-id=\"1159258\" data-element_type=\"widget\" data-widget_type=\"text-editor.default\">\n\t\t\t\t<div class=\"elementor-widget-container\">\n\t\t\t\t\t\t\t<p>Das erste Opferf\u00fcrsorgegesetz wird bereits am 17. Juli 1945 beschlossen. Es sieht allerdings nur \u00f6sterreichische Widerstandsk\u00e4mpferInnen als Opfer an. Erst zwei Jahre sp\u00e4ter werden auch Opfer rassischer Verfolgung anerkannt. AntragstellerInnen erhalten Entsch\u00e4digungs- oder Rentenzahlungen, wenn ihr Ansuchen positiv bewertet wird. Lange Zeit ist es nur \u00d6sterreicherInnen m\u00f6glich, einen Antrag zu stellen.<\/p><p>Bestimmte Opfergruppen werden erst sp\u00e4t ber\u00fccksichtigt. Sehr h\u00e4ufig geht ihre Diskriminierung nach dem Ende des Kriegs weiter. Beispiele daf\u00fcr sind etwa Homosexuelle, die aufgrund ihrer sexuellen Orientierung in der NS-Zeit verfolgt wurden, oder als \u201easozial\u201c bezeichnete Menschen. Nach \u00d6sterreich verschleppte Zwangsarbeitskr\u00e4fte k\u00f6nnen erst ab dem Jahr 2000 um eine Entsch\u00e4digung ansuchen.<\/p>\t\t\t\t\t\t<\/div>\n\t\t\t\t<\/div>\n\t\t\t\t<\/div>\n\t\t\t\t\t<\/details>\n\t\t\t\t\t<\/div>\n\t\t\t\t<\/div>\n\t\t\t\t<\/div>\n\t\t\t\t<\/div>\n\t\t\t\t\t<\/div>\n\t\t\t\t<\/div>\n\t\t<div class=\"elementor-element elementor-element-93432a3 e-flex e-con-boxed e-con e-parent\" data-id=\"93432a3\" data-element_type=\"container\" data-settings=\"{&quot;background_background&quot;:&quot;classic&quot;}\">\n\t\t\t\t\t<div class=\"e-con-inner\">\n\t\t\t\t<div class=\"elementor-element elementor-element-0af74db elementor-widget elementor-widget-heading\" data-id=\"0af74db\" data-element_type=\"widget\" data-widget_type=\"heading.default\">\n\t\t\t\t<div class=\"elementor-widget-container\">\n\t\t\t<h2 class=\"elementor-heading-title elementor-size-default\">Erinnerung<\/h2>\t\t<\/div>\n\t\t\t\t<\/div>\n\t\t\t\t\t<\/div>\n\t\t\t\t<\/div>\n\t\t<div class=\"elementor-element elementor-element-218c7bd e-flex e-con-boxed e-con e-parent\" data-id=\"218c7bd\" data-element_type=\"container\">\n\t\t\t\t\t<div class=\"e-con-inner\">\n\t\t<div class=\"elementor-element elementor-element-3d3bd11 e-con-full e-flex e-con e-child\" data-id=\"3d3bd11\" data-element_type=\"container\" data-settings=\"{&quot;background_background&quot;:&quot;classic&quot;}\">\n\t\t\t\t<div class=\"elementor-element elementor-element-bab7106 elementor-widget elementor-widget-image\" data-id=\"bab7106\" data-element_type=\"widget\" data-widget_type=\"image.default\">\n\t\t\t\t<div class=\"elementor-widget-container\">\n\t\t\t\t\t\t\t\t\t\t\t\t\t<img loading=\"lazy\" decoding=\"async\" width=\"1024\" height=\"975\" src=\"https:\/\/tirolerinnern.at\/kirchbichl\/wp-content\/uploads\/sites\/2\/2024\/12\/C1-1024.jpg\" class=\"attachment-large size-large wp-image-1138\" alt=\"\" srcset=\"https:\/\/tirolerinnern.at\/kirchbichl\/wp-content\/uploads\/sites\/2\/2024\/12\/C1-1024.jpg 1024w, https:\/\/tirolerinnern.at\/kirchbichl\/wp-content\/uploads\/sites\/2\/2024\/12\/C1-1024-300x286.jpg 300w, https:\/\/tirolerinnern.at\/kirchbichl\/wp-content\/uploads\/sites\/2\/2024\/12\/C1-1024-768x731.jpg 768w\" sizes=\"(max-width: 1024px) 100vw, 1024px\" \/>\t\t\t\t\t\t\t\t\t\t\t\t\t<\/div>\n\t\t\t\t<\/div>\n\t\t\t\t<\/div>\n\t\t<div class=\"elementor-element elementor-element-13876bb e-con-full e-flex e-con e-child\" data-id=\"13876bb\" data-element_type=\"container\" data-settings=\"{&quot;background_background&quot;:&quot;classic&quot;}\">\n\t\t\t\t<div class=\"elementor-element elementor-element-7486990 elementor-widget elementor-widget-image\" data-id=\"7486990\" data-element_type=\"widget\" data-widget_type=\"image.default\">\n\t\t\t\t<div class=\"elementor-widget-container\">\n\t\t\t\t\t\t\t\t\t\t\t\t\t<img loading=\"lazy\" decoding=\"async\" width=\"1024\" height=\"975\" src=\"https:\/\/tirolerinnern.at\/kirchbichl\/wp-content\/uploads\/sites\/2\/2024\/12\/C2-1024.jpg\" class=\"attachment-large size-large wp-image-1139\" alt=\"\" srcset=\"https:\/\/tirolerinnern.at\/kirchbichl\/wp-content\/uploads\/sites\/2\/2024\/12\/C2-1024.jpg 1024w, https:\/\/tirolerinnern.at\/kirchbichl\/wp-content\/uploads\/sites\/2\/2024\/12\/C2-1024-300x286.jpg 300w, https:\/\/tirolerinnern.at\/kirchbichl\/wp-content\/uploads\/sites\/2\/2024\/12\/C2-1024-768x731.jpg 768w\" sizes=\"(max-width: 1024px) 100vw, 1024px\" \/>\t\t\t\t\t\t\t\t\t\t\t\t\t<\/div>\n\t\t\t\t<\/div>\n\t\t\t\t<\/div>\n\t\t<div class=\"elementor-element elementor-element-8ef8279 e-con-full e-flex e-con e-child\" data-id=\"8ef8279\" data-element_type=\"container\" data-settings=\"{&quot;background_background&quot;:&quot;classic&quot;}\">\n\t\t\t\t<div class=\"elementor-element elementor-element-dd7f110 elementor-widget elementor-widget-text-editor\" data-id=\"dd7f110\" data-element_type=\"widget\" data-widget_type=\"text-editor.default\">\n\t\t\t\t<div class=\"elementor-widget-container\">\n\t\t\t\t\t\t\t<p>Bis vor kurzem erinnerten nur die beiden Grabkreuze am Soldatenfriedhof Amras an Stefan Widla und Jan Kosnik. Die Hinrichtung findet dort keine Erw\u00e4hnung.<\/p>\t\t\t\t\t\t<\/div>\n\t\t\t\t<\/div>\n\t\t\t\t<div class=\"elementor-element elementor-element-0be2f7b elementor-widget elementor-widget-n-accordion\" data-id=\"0be2f7b\" data-element_type=\"widget\" data-settings=\"{&quot;default_state&quot;:&quot;all_collapsed&quot;,&quot;max_items_expended&quot;:&quot;one&quot;,&quot;n_accordion_animation_duration&quot;:{&quot;unit&quot;:&quot;ms&quot;,&quot;size&quot;:400,&quot;sizes&quot;:[]}}\" data-widget_type=\"nested-accordion.default\">\n\t\t\t\t<div class=\"elementor-widget-container\">\n\t\t\t\t\t<div class=\"e-n-accordion\" aria-label=\"Accordion. Open links with Enter or Space, close with Escape, and navigate with Arrow Keys\">\n\t\t\t\t\t\t<details id=\"e-n-accordion-item-1240\" class=\"e-n-accordion-item\" >\n\t\t\t\t<summary class=\"e-n-accordion-item-title\" data-accordion-index=\"1\" tabindex=\"0\" aria-expanded=\"false\" aria-controls=\"e-n-accordion-item-1240\" >\n\t\t\t\t\t<span class='e-n-accordion-item-title-header'><div class=\"e-n-accordion-item-title-text\"> Mehr zu Erinnerungskultur <\/div><\/span>\n\t\t\t\t\t\t\t<span class='e-n-accordion-item-title-icon'>\n\t\t\t<span class='e-opened' ><svg aria-hidden=\"true\" class=\"e-font-icon-svg e-fas-minus\" viewBox=\"0 0 448 512\" xmlns=\"http:\/\/www.w3.org\/2000\/svg\"><path d=\"M416 208H32c-17.67 0-32 14.33-32 32v32c0 17.67 14.33 32 32 32h384c17.67 0 32-14.33 32-32v-32c0-17.67-14.33-32-32-32z\"><\/path><\/svg><\/span>\n\t\t\t<span class='e-closed'><svg aria-hidden=\"true\" class=\"e-font-icon-svg e-fas-plus\" viewBox=\"0 0 448 512\" xmlns=\"http:\/\/www.w3.org\/2000\/svg\"><path d=\"M416 208H272V64c0-17.67-14.33-32-32-32h-32c-17.67 0-32 14.33-32 32v144H32c-17.67 0-32 14.33-32 32v32c0 17.67 14.33 32 32 32h144v144c0 17.67 14.33 32 32 32h32c17.67 0 32-14.33 32-32V304h144c17.67 0 32-14.33 32-32v-32c0-17.67-14.33-32-32-32z\"><\/path><\/svg><\/span>\n\t\t<\/span>\n\n\t\t\t\t\t\t<\/summary>\n\t\t\t\t<div role=\"region\" aria-labelledby=\"e-n-accordion-item-1240\" class=\"elementor-element elementor-element-3c9054b e-con-full e-flex e-con e-child\" data-id=\"3c9054b\" data-element_type=\"container\">\n\t\t\t\t<div class=\"elementor-element elementor-element-0b4aab0 elementor-widget elementor-widget-text-editor\" data-id=\"0b4aab0\" data-element_type=\"widget\" data-widget_type=\"text-editor.default\">\n\t\t\t\t<div class=\"elementor-widget-container\">\n\t\t\t\t\t\t\t<p>Unmittelbar nach dem Krieg pr\u00e4gt die Erinnerung an den Widerstand die Erinnerungslandschaft in Bezug auf die NS-Diktatur. Es entstehen fast ausschlie\u00dflich Denkm\u00e4ler, die den geleisteten Widerstand betonen und ihn dadurch v\u00f6llig \u00fcbertrieben darstellen. Ab 1950 ersetzt das Gedenken an die gefallenen Soldaten die \u00dcberh\u00f6hung des Widerstands. Die Soldaten werden als Helden inszeniert, die im Krieg ihre Pflicht erf\u00fcllt und ihre Heimat verteidigt h\u00e4tten. Dass sie sich an einem Eroberungskrieg beteiligt und teilweise Verbrechen begangen haben, wird verleugnet.<\/p><p>An die Opfer des Nationalsozialismus wird verst\u00e4rkt ab den 1980er Jahren erinnert. Bis heute gibt es aber etliche Leerstellen in der Erinnerung. F\u00fcr Roma, Sinti, Jenische, Homosexuelle oder sogenannte \u201eAsoziale\u201c gibt es in Tirol noch kein Erinnerungszeichen. Auch das Thema Zwangsarbeit, wie hier in Kirchbichl, ist im \u00f6ffentlichen Ged\u00e4chtnis noch nicht pr\u00e4sent.<\/p>\t\t\t\t\t\t<\/div>\n\t\t\t\t<\/div>\n\t\t\t\t<\/div>\n\t\t\t\t\t<\/details>\n\t\t\t\t\t<\/div>\n\t\t\t\t<\/div>\n\t\t\t\t<\/div>\n\t\t\t\t<div class=\"elementor-element elementor-element-11ff32c elementor-widget elementor-widget-text-editor\" data-id=\"11ff32c\" data-element_type=\"widget\" data-widget_type=\"text-editor.default\">\n\t\t\t\t<div class=\"elementor-widget-container\">\n\t\t\t\t\t\t\t<p>Ein Ausbau des Kraftwerks in Kirchbichl f\u00fchrt von 2013 bis 2016 zu arch\u00e4ologischen Ausgrabungen. Durch die Funde und die erhaltenen Fotos k\u00f6nnen die Ereignisse des 12. September 1942 rekonstruiert werden.<\/p><p>Die Grabungsfunde geh\u00f6rten vermutlich dem Personal des Lagerkommandos.<\/p>\t\t\t\t\t\t<\/div>\n\t\t\t\t<\/div>\n\t\t\t\t<div class=\"elementor-element elementor-element-d52d51e elementor-arrows-position-inside elementor-pagination-position-outside elementor-widget elementor-widget-image-carousel\" data-id=\"d52d51e\" data-element_type=\"widget\" data-settings=\"{&quot;slides_to_show&quot;:&quot;1&quot;,&quot;navigation&quot;:&quot;both&quot;,&quot;infinite&quot;:&quot;yes&quot;,&quot;effect&quot;:&quot;slide&quot;,&quot;speed&quot;:500}\" data-widget_type=\"image-carousel.default\">\n\t\t\t\t<div class=\"elementor-widget-container\">\n\t\t\t\t\t<div class=\"elementor-image-carousel-wrapper swiper\" dir=\"ltr\">\n\t\t\t<div class=\"elementor-image-carousel swiper-wrapper\" aria-live=\"polite\">\n\t\t\t\t\t\t\t\t<div class=\"swiper-slide\" role=\"group\" aria-roledescription=\"slide\" aria-label=\"1 von 6\"><figure class=\"swiper-slide-inner\"><img decoding=\"async\" class=\"swiper-slide-image\" src=\"https:\/\/tirolerinnern.at\/kirchbichl\/wp-content\/uploads\/sites\/2\/2024\/12\/1-300x264.jpg\" alt=\"Verschluss einer Bierflasche aus W\u00f6rgl\" \/><figcaption class=\"elementor-image-carousel-caption\">Verschluss einer Bierflasche aus W\u00f6rgl<\/figcaption><\/figure><\/div><div class=\"swiper-slide\" role=\"group\" aria-roledescription=\"slide\" aria-label=\"2 von 6\"><figure class=\"swiper-slide-inner\"><img decoding=\"async\" class=\"swiper-slide-image\" src=\"https:\/\/tirolerinnern.at\/kirchbichl\/wp-content\/uploads\/sites\/2\/2024\/12\/2-300x264.jpg\" alt=\"Fragmente eines Porzellantellers\" \/><figcaption class=\"elementor-image-carousel-caption\">Fragmente eines Porzellantellers<\/figcaption><\/figure><\/div><div class=\"swiper-slide\" role=\"group\" aria-roledescription=\"slide\" aria-label=\"3 von 6\"><figure class=\"swiper-slide-inner\"><img decoding=\"async\" class=\"swiper-slide-image\" src=\"https:\/\/tirolerinnern.at\/kirchbichl\/wp-content\/uploads\/sites\/2\/2024\/12\/3-300x264.jpg\" alt=\"Champagnerflasche\" \/><figcaption class=\"elementor-image-carousel-caption\">Champagnerflasche<\/figcaption><\/figure><\/div><div class=\"swiper-slide\" role=\"group\" aria-roledescription=\"slide\" aria-label=\"4 von 6\"><figure class=\"swiper-slide-inner\"><img decoding=\"async\" class=\"swiper-slide-image\" src=\"https:\/\/tirolerinnern.at\/kirchbichl\/wp-content\/uploads\/sites\/2\/2024\/12\/4-300x264.jpg\" alt=\"Sammelfigur\" \/><figcaption class=\"elementor-image-carousel-caption\">Sammelfigur<\/figcaption><\/figure><\/div><div class=\"swiper-slide\" role=\"group\" aria-roledescription=\"slide\" aria-label=\"5 von 6\"><figure class=\"swiper-slide-inner\"><img decoding=\"async\" class=\"swiper-slide-image\" src=\"https:\/\/tirolerinnern.at\/kirchbichl\/wp-content\/uploads\/sites\/2\/2024\/12\/5-300x264.jpg\" alt=\"Zahnpastatube der Firma Kalodont\" \/><figcaption class=\"elementor-image-carousel-caption\">Zahnpastatube der Firma Kalodont<\/figcaption><\/figure><\/div><div class=\"swiper-slide\" role=\"group\" aria-roledescription=\"slide\" aria-label=\"6 von 6\"><figure class=\"swiper-slide-inner\"><img decoding=\"async\" class=\"swiper-slide-image\" src=\"https:\/\/tirolerinnern.at\/kirchbichl\/wp-content\/uploads\/sites\/2\/2024\/12\/6-300x264.jpg\" alt=\"Porzellanstatue\" \/><figcaption class=\"elementor-image-carousel-caption\">Porzellanstatue<\/figcaption><\/figure><\/div>\t\t\t<\/div>\n\t\t\t\t\t\t\t\t\t\t\t\t<div class=\"elementor-swiper-button elementor-swiper-button-prev\" role=\"button\" tabindex=\"0\">\n\t\t\t\t\t\t<svg aria-hidden=\"true\" class=\"e-font-icon-svg e-eicon-chevron-left\" viewBox=\"0 0 1000 1000\" xmlns=\"http:\/\/www.w3.org\/2000\/svg\"><path d=\"M646 125C629 125 613 133 604 142L308 442C296 454 292 471 292 487 292 504 296 521 308 533L604 854C617 867 629 875 646 875 663 875 679 871 692 858 704 846 713 829 713 812 713 796 708 779 692 767L438 487 692 225C700 217 708 204 708 187 708 171 704 154 692 142 675 129 663 125 646 125Z\"><\/path><\/svg>\t\t\t\t\t<\/div>\n\t\t\t\t\t<div class=\"elementor-swiper-button elementor-swiper-button-next\" role=\"button\" tabindex=\"0\">\n\t\t\t\t\t\t<svg aria-hidden=\"true\" class=\"e-font-icon-svg e-eicon-chevron-right\" viewBox=\"0 0 1000 1000\" xmlns=\"http:\/\/www.w3.org\/2000\/svg\"><path d=\"M696 533C708 521 713 504 713 487 713 471 708 454 696 446L400 146C388 133 375 125 354 125 338 125 325 129 313 142 300 154 292 171 292 187 292 204 296 221 308 233L563 492 304 771C292 783 288 800 288 817 288 833 296 850 308 863 321 871 338 875 354 875 371 875 388 867 400 854L696 533Z\"><\/path><\/svg>\t\t\t\t\t<\/div>\n\t\t\t\t\n\t\t\t\t\t\t\t\t\t<div class=\"swiper-pagination\"><\/div>\n\t\t\t\t\t\t\t\t\t<\/div>\n\t\t\t\t<\/div>\n\t\t\t\t<\/div>\n\t\t\t\t<div class=\"elementor-element elementor-element-566551a elementor-widget elementor-widget-n-accordion\" data-id=\"566551a\" data-element_type=\"widget\" data-settings=\"{&quot;default_state&quot;:&quot;all_collapsed&quot;,&quot;max_items_expended&quot;:&quot;one&quot;,&quot;n_accordion_animation_duration&quot;:{&quot;unit&quot;:&quot;ms&quot;,&quot;size&quot;:400,&quot;sizes&quot;:[]}}\" data-widget_type=\"nested-accordion.default\">\n\t\t\t\t<div class=\"elementor-widget-container\">\n\t\t\t\t\t<div class=\"e-n-accordion\" aria-label=\"Accordion. Open links with Enter or Space, close with Escape, and navigate with Arrow Keys\">\n\t\t\t\t\t\t<details id=\"e-n-accordion-item-9050\" class=\"e-n-accordion-item\" >\n\t\t\t\t<summary class=\"e-n-accordion-item-title\" data-accordion-index=\"1\" tabindex=\"0\" aria-expanded=\"false\" aria-controls=\"e-n-accordion-item-9050\" >\n\t\t\t\t\t<span class='e-n-accordion-item-title-header'><div class=\"e-n-accordion-item-title-text\">  <\/div><\/span>\n\t\t\t\t\t\t\t<span class='e-n-accordion-item-title-icon'>\n\t\t\t<span class='e-opened' ><svg aria-hidden=\"true\" class=\"e-font-icon-svg e-far-arrow-alt-circle-up\" viewBox=\"0 0 512 512\" xmlns=\"http:\/\/www.w3.org\/2000\/svg\"><path d=\"M256 504c137 0 248-111 248-248S393 8 256 8 8 119 8 256s111 248 248 248zm0-448c110.5 0 200 89.5 200 200s-89.5 200-200 200S56 366.5 56 256 145.5 56 256 56zm20 328h-40c-6.6 0-12-5.4-12-12V256h-67c-10.7 0-16-12.9-8.5-20.5l99-99c4.7-4.7 12.3-4.7 17 0l99 99c7.6 7.6 2.2 20.5-8.5 20.5h-67v116c0 6.6-5.4 12-12 12z\"><\/path><\/svg><\/span>\n\t\t\t<span class='e-closed'><svg aria-hidden=\"true\" class=\"e-font-icon-svg e-fas-info-circle\" viewBox=\"0 0 512 512\" xmlns=\"http:\/\/www.w3.org\/2000\/svg\"><path d=\"M256 8C119.043 8 8 119.083 8 256c0 136.997 111.043 248 248 248s248-111.003 248-248C504 119.083 392.957 8 256 8zm0 110c23.196 0 42 18.804 42 42s-18.804 42-42 42-42-18.804-42-42 18.804-42 42-42zm56 254c0 6.627-5.373 12-12 12h-88c-6.627 0-12-5.373-12-12v-24c0-6.627 5.373-12 12-12h12v-64h-12c-6.627 0-12-5.373-12-12v-24c0-6.627 5.373-12 12-12h64c6.627 0 12 5.373 12 12v100h12c6.627 0 12 5.373 12 12v24z\"><\/path><\/svg><\/span>\n\t\t<\/span>\n\n\t\t\t\t\t\t<\/summary>\n\t\t\t\t<div role=\"region\" aria-labelledby=\"e-n-accordion-item-9050\" class=\"elementor-element elementor-element-915d162 e-con-full e-flex e-con e-child\" data-id=\"915d162\" data-element_type=\"container\">\n\t\t\t\t<div class=\"elementor-element elementor-element-d55bf62 elementor-widget elementor-widget-text-editor\" data-id=\"d55bf62\" data-element_type=\"widget\" data-widget_type=\"text-editor.default\">\n\t\t\t\t<div class=\"elementor-widget-container\">\n\t\t\t\t\t\t\t<p>Quelle:<br \/>Arch\u00e4ologie der Zwangsarbeit \u2013 Das \u201eLager am Wehr\u201c und das \u201ePolenlager\u201c beim Innkraftwerk in Kirchbichl, Tirol <br \/><a href=\"https:\/\/www.researchgate.net\/publication\/382087129_Das_Polenlager_in_Kirchbichl_In_Archaologie_der_Zwangsarbeit_Das_Lager_am_Wehr_und_das_Polenlager_beim_Innkraftwerk_in_Kirchbichl_Tirol_Archaologie_Aktuell_10_2024\"><span style=\"text-decoration: underline\">https:\/\/www.researchgate.net\/publication\/382087129_Das_Polenlager_in_Kirchbichl_In_Archaologie_der_Zwangsarbeit_Das_Lager_am_Wehr_und_das_Polenlager_beim_Innkraftwerk_in_Kirchbichl_Tirol_Archaologie_Aktuell_10_2024<\/span><\/a><\/p>\t\t\t\t\t\t<\/div>\n\t\t\t\t<\/div>\n\t\t\t\t<\/div>\n\t\t\t\t\t<\/details>\n\t\t\t\t\t<\/div>\n\t\t\t\t<\/div>\n\t\t\t\t<\/div>\n\t\t\t\t<div class=\"elementor-element elementor-element-b98f5e1 elementor-widget elementor-widget-text-editor\" data-id=\"b98f5e1\" data-element_type=\"widget\" data-widget_type=\"text-editor.default\">\n\t\t\t\t<div class=\"elementor-widget-container\">\n\t\t\t\t\t\t\t<p>Erst 2024 wird ein Mahnmal zur Erinnerung an die Hinrichtung errichtet. Es steht symbolisch f\u00fcr die zwei polnischen Zwangsarbeiter und die beiden einheimischen Frauen. Eine Frau und ein Mann, die sich einander in die Augen sehen, werden von acht Personen umringt, die mit stoischem Blick Richtung Kraftwerk schauen.<\/p>\t\t\t\t\t\t<\/div>\n\t\t\t\t<\/div>\n\t\t\t\t<div class=\"elementor-element elementor-element-e72478b elementor-widget elementor-widget-image\" data-id=\"e72478b\" data-element_type=\"widget\" data-widget_type=\"image.default\">\n\t\t\t\t<div class=\"elementor-widget-container\">\n\t\t\t\t\t\t\t\t\t\t\t\t\t<img loading=\"lazy\" decoding=\"async\" width=\"1024\" height=\"576\" src=\"https:\/\/tirolerinnern.at\/kirchbichl\/wp-content\/uploads\/sites\/2\/2025\/04\/Denkmal-1024x576.jpg\" class=\"attachment-large size-large wp-image-1839\" alt=\"\" srcset=\"https:\/\/tirolerinnern.at\/kirchbichl\/wp-content\/uploads\/sites\/2\/2025\/04\/Denkmal-1024x576.jpg 1024w, https:\/\/tirolerinnern.at\/kirchbichl\/wp-content\/uploads\/sites\/2\/2025\/04\/Denkmal-300x169.jpg 300w, https:\/\/tirolerinnern.at\/kirchbichl\/wp-content\/uploads\/sites\/2\/2025\/04\/Denkmal-768x432.jpg 768w, https:\/\/tirolerinnern.at\/kirchbichl\/wp-content\/uploads\/sites\/2\/2025\/04\/Denkmal-1536x864.jpg 1536w, https:\/\/tirolerinnern.at\/kirchbichl\/wp-content\/uploads\/sites\/2\/2025\/04\/Denkmal-2048x1152.jpg 2048w, https:\/\/tirolerinnern.at\/kirchbichl\/wp-content\/uploads\/sites\/2\/2025\/04\/Denkmal-800x450.jpg 800w\" sizes=\"(max-width: 1024px) 100vw, 1024px\" \/>\t\t\t\t\t\t\t\t\t\t\t\t\t<\/div>\n\t\t\t\t<\/div>\n\t\t\t\t<div class=\"elementor-element elementor-element-3ecc5c6 elementor-widget elementor-widget-n-accordion\" data-id=\"3ecc5c6\" data-element_type=\"widget\" data-settings=\"{&quot;default_state&quot;:&quot;all_collapsed&quot;,&quot;max_items_expended&quot;:&quot;one&quot;,&quot;n_accordion_animation_duration&quot;:{&quot;unit&quot;:&quot;ms&quot;,&quot;size&quot;:400,&quot;sizes&quot;:[]}}\" data-widget_type=\"nested-accordion.default\">\n\t\t\t\t<div class=\"elementor-widget-container\">\n\t\t\t\t\t<div class=\"e-n-accordion\" aria-label=\"Accordion. Open links with Enter or Space, close with Escape, and navigate with Arrow Keys\">\n\t\t\t\t\t\t<details id=\"e-n-accordion-item-6580\" class=\"e-n-accordion-item\" >\n\t\t\t\t<summary class=\"e-n-accordion-item-title\" data-accordion-index=\"1\" tabindex=\"0\" aria-expanded=\"false\" aria-controls=\"e-n-accordion-item-6580\" >\n\t\t\t\t\t<span class='e-n-accordion-item-title-header'><div class=\"e-n-accordion-item-title-text\">  <\/div><\/span>\n\t\t\t\t\t\t\t<span class='e-n-accordion-item-title-icon'>\n\t\t\t<span class='e-opened' ><svg aria-hidden=\"true\" class=\"e-font-icon-svg e-far-arrow-alt-circle-up\" viewBox=\"0 0 512 512\" xmlns=\"http:\/\/www.w3.org\/2000\/svg\"><path d=\"M256 504c137 0 248-111 248-248S393 8 256 8 8 119 8 256s111 248 248 248zm0-448c110.5 0 200 89.5 200 200s-89.5 200-200 200S56 366.5 56 256 145.5 56 256 56zm20 328h-40c-6.6 0-12-5.4-12-12V256h-67c-10.7 0-16-12.9-8.5-20.5l99-99c4.7-4.7 12.3-4.7 17 0l99 99c7.6 7.6 2.2 20.5-8.5 20.5h-67v116c0 6.6-5.4 12-12 12z\"><\/path><\/svg><\/span>\n\t\t\t<span class='e-closed'><svg aria-hidden=\"true\" class=\"e-font-icon-svg e-fas-info-circle\" viewBox=\"0 0 512 512\" xmlns=\"http:\/\/www.w3.org\/2000\/svg\"><path d=\"M256 8C119.043 8 8 119.083 8 256c0 136.997 111.043 248 248 248s248-111.003 248-248C504 119.083 392.957 8 256 8zm0 110c23.196 0 42 18.804 42 42s-18.804 42-42 42-42-18.804-42-42 18.804-42 42-42zm56 254c0 6.627-5.373 12-12 12h-88c-6.627 0-12-5.373-12-12v-24c0-6.627 5.373-12 12-12h12v-64h-12c-6.627 0-12-5.373-12-12v-24c0-6.627 5.373-12 12-12h64c6.627 0 12 5.373 12 12v100h12c6.627 0 12 5.373 12 12v24z\"><\/path><\/svg><\/span>\n\t\t<\/span>\n\n\t\t\t\t\t\t<\/summary>\n\t\t\t\t<div role=\"region\" aria-labelledby=\"e-n-accordion-item-6580\" class=\"elementor-element elementor-element-44060a7 e-con-full e-flex e-con e-child\" data-id=\"44060a7\" data-element_type=\"container\">\n\t\t\t\t<div class=\"elementor-element elementor-element-a389c1b elementor-widget elementor-widget-text-editor\" data-id=\"a389c1b\" data-element_type=\"widget\" data-widget_type=\"text-editor.default\">\n\t\t\t\t<div class=\"elementor-widget-container\">\n\t\t\t\t\t\t\t<p>Foto Aaron Peterer<\/p>\t\t\t\t\t\t<\/div>\n\t\t\t\t<\/div>\n\t\t\t\t<\/div>\n\t\t\t\t\t<\/details>\n\t\t\t\t\t<\/div>\n\t\t\t\t<\/div>\n\t\t\t\t<\/div>\n\t\t\t\t<div class=\"elementor-element elementor-element-7f3fa72 elementor-widget elementor-widget-text-editor\" data-id=\"7f3fa72\" data-element_type=\"widget\" data-widget_type=\"text-editor.default\">\n\t\t\t\t<div class=\"elementor-widget-container\">\n\t\t\t\t\t\t\t<p>Eine Tafel informiert \u00fcber den Hintergrund des Mahnmals.\u00a0<\/p>\t\t\t\t\t\t<\/div>\n\t\t\t\t<\/div>\n\t\t\t\t<div class=\"elementor-element elementor-element-76f9b9e elementor-widget elementor-widget-image\" data-id=\"76f9b9e\" data-element_type=\"widget\" data-widget_type=\"image.default\">\n\t\t\t\t<div class=\"elementor-widget-container\">\n\t\t\t\t\t\t\t\t\t\t\t\t\t<img loading=\"lazy\" decoding=\"async\" width=\"1024\" height=\"509\" src=\"https:\/\/tirolerinnern.at\/kirchbichl\/wp-content\/uploads\/sites\/2\/2025\/04\/Tafel-e1744399682520-1024x509.jpg\" class=\"attachment-large size-large wp-image-1843\" alt=\"\" srcset=\"https:\/\/tirolerinnern.at\/kirchbichl\/wp-content\/uploads\/sites\/2\/2025\/04\/Tafel-e1744399682520-1024x509.jpg 1024w, https:\/\/tirolerinnern.at\/kirchbichl\/wp-content\/uploads\/sites\/2\/2025\/04\/Tafel-e1744399682520-300x149.jpg 300w, https:\/\/tirolerinnern.at\/kirchbichl\/wp-content\/uploads\/sites\/2\/2025\/04\/Tafel-e1744399682520-768x382.jpg 768w, https:\/\/tirolerinnern.at\/kirchbichl\/wp-content\/uploads\/sites\/2\/2025\/04\/Tafel-e1744399682520-1536x764.jpg 1536w, https:\/\/tirolerinnern.at\/kirchbichl\/wp-content\/uploads\/sites\/2\/2025\/04\/Tafel-e1744399682520.jpg 1862w\" sizes=\"(max-width: 1024px) 100vw, 1024px\" \/>\t\t\t\t\t\t\t\t\t\t\t\t\t<\/div>\n\t\t\t\t<\/div>\n\t\t\t\t<div class=\"elementor-element elementor-element-c78342d elementor-widget elementor-widget-n-accordion\" data-id=\"c78342d\" data-element_type=\"widget\" data-settings=\"{&quot;default_state&quot;:&quot;all_collapsed&quot;,&quot;max_items_expended&quot;:&quot;one&quot;,&quot;n_accordion_animation_duration&quot;:{&quot;unit&quot;:&quot;ms&quot;,&quot;size&quot;:400,&quot;sizes&quot;:[]}}\" data-widget_type=\"nested-accordion.default\">\n\t\t\t\t<div class=\"elementor-widget-container\">\n\t\t\t\t\t<div class=\"e-n-accordion\" aria-label=\"Accordion. Open links with Enter or Space, close with Escape, and navigate with Arrow Keys\">\n\t\t\t\t\t\t<details id=\"e-n-accordion-item-2090\" class=\"e-n-accordion-item\" >\n\t\t\t\t<summary class=\"e-n-accordion-item-title\" data-accordion-index=\"1\" tabindex=\"0\" aria-expanded=\"false\" aria-controls=\"e-n-accordion-item-2090\" >\n\t\t\t\t\t<span class='e-n-accordion-item-title-header'><div class=\"e-n-accordion-item-title-text\">  <\/div><\/span>\n\t\t\t\t\t\t\t<span class='e-n-accordion-item-title-icon'>\n\t\t\t<span class='e-opened' ><svg aria-hidden=\"true\" class=\"e-font-icon-svg e-far-arrow-alt-circle-up\" viewBox=\"0 0 512 512\" xmlns=\"http:\/\/www.w3.org\/2000\/svg\"><path d=\"M256 504c137 0 248-111 248-248S393 8 256 8 8 119 8 256s111 248 248 248zm0-448c110.5 0 200 89.5 200 200s-89.5 200-200 200S56 366.5 56 256 145.5 56 256 56zm20 328h-40c-6.6 0-12-5.4-12-12V256h-67c-10.7 0-16-12.9-8.5-20.5l99-99c4.7-4.7 12.3-4.7 17 0l99 99c7.6 7.6 2.2 20.5-8.5 20.5h-67v116c0 6.6-5.4 12-12 12z\"><\/path><\/svg><\/span>\n\t\t\t<span class='e-closed'><svg aria-hidden=\"true\" class=\"e-font-icon-svg e-fas-info-circle\" viewBox=\"0 0 512 512\" xmlns=\"http:\/\/www.w3.org\/2000\/svg\"><path d=\"M256 8C119.043 8 8 119.083 8 256c0 136.997 111.043 248 248 248s248-111.003 248-248C504 119.083 392.957 8 256 8zm0 110c23.196 0 42 18.804 42 42s-18.804 42-42 42-42-18.804-42-42 18.804-42 42-42zm56 254c0 6.627-5.373 12-12 12h-88c-6.627 0-12-5.373-12-12v-24c0-6.627 5.373-12 12-12h12v-64h-12c-6.627 0-12-5.373-12-12v-24c0-6.627 5.373-12 12-12h64c6.627 0 12 5.373 12 12v100h12c6.627 0 12 5.373 12 12v24z\"><\/path><\/svg><\/span>\n\t\t<\/span>\n\n\t\t\t\t\t\t<\/summary>\n\t\t\t\t<div role=\"region\" aria-labelledby=\"e-n-accordion-item-2090\" class=\"elementor-element elementor-element-584e5da e-con-full e-flex e-con e-child\" data-id=\"584e5da\" data-element_type=\"container\">\n\t\t\t\t<div class=\"elementor-element elementor-element-7d990dc elementor-widget elementor-widget-text-editor\" data-id=\"7d990dc\" data-element_type=\"widget\" data-widget_type=\"text-editor.default\">\n\t\t\t\t<div class=\"elementor-widget-container\">\n\t\t\t\t\t\t\t<p>Foto Aaron Peterer<\/p>\t\t\t\t\t\t<\/div>\n\t\t\t\t<\/div>\n\t\t\t\t<\/div>\n\t\t\t\t\t<\/details>\n\t\t\t\t\t<\/div>\n\t\t\t\t<\/div>\n\t\t\t\t<\/div>\n\t\t\t\t<div class=\"elementor-element elementor-element-a5ad8f8 elementor-widget elementor-widget-text-editor\" data-id=\"a5ad8f8\" data-element_type=\"widget\" data-widget_type=\"text-editor.default\">\n\t\t\t\t<div class=\"elementor-widget-container\">\n\t\t\t\t\t\t\t<p>Damit ein Gedenkzeichen Sinn ergibt, m\u00fcssen wir uns immer wieder mit dessen historischen Hintergrund auseinandersetzen: Was hat diese Geschichte f\u00fcr uns im <strong><span style=\"color: #db590a\">HIER<\/span><\/strong> und <strong><span style=\"color: #db590a\">JETZT<\/span><\/strong> f\u00fcr eine Bedeutung?\u00a0<\/p>\t\t\t\t\t\t<\/div>\n\t\t\t\t<\/div>\n\t\t\t\t<\/div>\n\t\t\t\t\t<\/div>\n\t\t\t\t<\/div>\n\t\t<div class=\"elementor-element elementor-element-9df34f1 e-flex e-con-boxed e-con e-parent\" data-id=\"9df34f1\" data-element_type=\"container\" data-settings=\"{&quot;background_background&quot;:&quot;classic&quot;}\">\n\t\t\t\t\t<div class=\"e-con-inner\">\n\t\t\t\t<div class=\"elementor-element elementor-element-5c70b6c elementor-widget elementor-widget-spacer\" data-id=\"5c70b6c\" data-element_type=\"widget\" data-widget_type=\"spacer.default\">\n\t\t\t\t<div class=\"elementor-widget-container\">\n\t\t\t\t\t<div class=\"elementor-spacer\">\n\t\t\t<div class=\"elementor-spacer-inner\"><\/div>\n\t\t<\/div>\n\t\t\t\t<\/div>\n\t\t\t\t<\/div>\n\t\t\t\t<div class=\"elementor-element elementor-element-6b28215 elementor-widget elementor-widget-heading\" data-id=\"6b28215\" data-element_type=\"widget\" data-widget_type=\"heading.default\">\n\t\t\t\t<div class=\"elementor-widget-container\">\n\t\t\t<h2 class=\"elementor-heading-title elementor-size-default\">Hier geht es zu den weiteren Kapiteln:<\/h2>\t\t<\/div>\n\t\t\t\t<\/div>\n\t\t<div class=\"elementor-element elementor-element-5623f0c e-con-full e-grid e-con e-child\" data-id=\"5623f0c\" data-element_type=\"container\">\n\t\t\t\t<div class=\"elementor-element elementor-element-173df45 elementor-widget elementor-widget-qi_addons_for_elementor_banner\" data-id=\"173df45\" data-element_type=\"widget\" data-widget_type=\"qi_addons_for_elementor_banner.default\">\n\t\t\t\t<div class=\"elementor-widget-container\">\n\t\t\t<div class=\"qodef-shortcode qodef-m  qodef-qi-banner qodef-layout--standard qodef-vertical--bottom qodef-horizontal--left qodef-image--hover-zoom \">\n\t<div class=\"qodef-m-image\">\n\t<img loading=\"lazy\" decoding=\"async\" width=\"909\" height=\"606\" src=\"https:\/\/tirolerinnern.at\/kirchbichl\/wp-content\/uploads\/sites\/2\/2024\/12\/A1-png.png\" class=\"attachment-full size-full\" alt=\"\" srcset=\"https:\/\/tirolerinnern.at\/kirchbichl\/wp-content\/uploads\/sites\/2\/2024\/12\/A1-png.png 909w, https:\/\/tirolerinnern.at\/kirchbichl\/wp-content\/uploads\/sites\/2\/2024\/12\/A1-png-300x200.png 300w, https:\/\/tirolerinnern.at\/kirchbichl\/wp-content\/uploads\/sites\/2\/2024\/12\/A1-png-768x512.png 768w\" sizes=\"(max-width: 909px) 100vw, 909px\" \/><\/div>\n\t<div class=\"qodef-m-content\">\n\t\t<div class=\"qodef-m-content-inner\">\n\t\t\t\t\t\t\t<h3 class=\"qodef-m-title\">\n\t\tWas geschah in Kirchbichl?\t<\/h3>\n\t\t\t\t\t\t\t\t<\/div>\n\t<\/div>\n\t\t<a itemprop=\"url\" href=\"https:\/\/tirolerinnern.at\/kirchbichl\/kapitel-1\/\" class=\"qodef-m-banner-link\" target=\"_self\"><\/a>\n<\/div>\n\t\t<\/div>\n\t\t\t\t<\/div>\n\t\t\t\t<div class=\"elementor-element elementor-element-5f245a3 elementor-widget elementor-widget-qi_addons_for_elementor_banner\" data-id=\"5f245a3\" data-element_type=\"widget\" data-widget_type=\"qi_addons_for_elementor_banner.default\">\n\t\t\t\t<div class=\"elementor-widget-container\">\n\t\t\t<div class=\"qodef-shortcode qodef-m  qodef-qi-banner qodef-layout--standard qodef-vertical--bottom qodef-horizontal--left qodef-image--hover-zoom \">\n\t<div class=\"qodef-m-image\">\n\t<img loading=\"lazy\" decoding=\"async\" width=\"909\" height=\"606\" src=\"https:\/\/tirolerinnern.at\/kirchbichl\/wp-content\/uploads\/sites\/2\/2024\/11\/B2-png.png\" class=\"attachment-full size-full\" alt=\"\" srcset=\"https:\/\/tirolerinnern.at\/kirchbichl\/wp-content\/uploads\/sites\/2\/2024\/11\/B2-png.png 909w, https:\/\/tirolerinnern.at\/kirchbichl\/wp-content\/uploads\/sites\/2\/2024\/11\/B2-png-300x200.png 300w, https:\/\/tirolerinnern.at\/kirchbichl\/wp-content\/uploads\/sites\/2\/2024\/11\/B2-png-768x512.png 768w\" sizes=\"(max-width: 909px) 100vw, 909px\" \/><\/div>\n\t<div class=\"qodef-m-content\">\n\t\t<div class=\"qodef-m-content-inner\">\n\t\t\t\t\t\t\t<h3 class=\"qodef-m-title\">\n\t\tWie kam es dazu?\t<\/h3>\n\t\t\t\t\t\t\t\t<\/div>\n\t<\/div>\n\t\t<a itemprop=\"url\" href=\"https:\/\/tirolerinnern.at\/kirchbichl\/kapitel-2\/\" class=\"qodef-m-banner-link\" target=\"_self\"><\/a>\n<\/div>\n\t\t<\/div>\n\t\t\t\t<\/div>\n\t\t\t\t<\/div>\n\t\t\t\t\t<\/div>\n\t\t\t\t<\/div>\n\t\t<div class=\"elementor-element elementor-element-47f1925 e-flex e-con-boxed e-con e-parent\" data-id=\"47f1925\" data-element_type=\"container\" data-settings=\"{&quot;background_background&quot;:&quot;gradient&quot;}\">\n\t\t\t\t\t<div class=\"e-con-inner\">\n\t\t\t\t\t<\/div>\n\t\t\t\t<\/div>\n\t\t<div class=\"elementor-element elementor-element-633f869 e-flex e-con-boxed e-con e-parent\" data-id=\"633f869\" data-element_type=\"container\">\n\t\t\t\t\t<div class=\"e-con-inner\">\n\t\t\t\t\t<\/div>\n\t\t\t\t<\/div>\n\t\t\t\t<\/div>\n\t\t","protected":false},"excerpt":{"rendered":"<p>Was passierte danach? KZ Ravensbr\u00fcck und Auschwitz Drei Tage nach der Hinrichtung \u00fcberstellt die Geheime Staatspolizei Annemarie Edenhauser und Hedwig Schwendter in das Frauen-KZ Ravensbr\u00fcck. Ein halbes Jahr sp\u00e4ter werden die beiden Frauen ins KZ Auschwitz gebracht. Sie geh\u00f6ren zu den wenigen \u00dcberlebenden und kommen noch vor Kriegsende frei. Beide sind von ihrer Haft gezeichnet, [&hellip;]<\/p>\n","protected":false},"author":1,"featured_media":0,"parent":0,"menu_order":0,"comment_status":"closed","ping_status":"closed","template":"","meta":{"ocean_post_layout":"full-screen","ocean_both_sidebars_style":"","ocean_both_sidebars_content_width":0,"ocean_both_sidebars_sidebars_width":0,"ocean_sidebar":"","ocean_second_sidebar":"","ocean_disable_margins":"enable","ocean_add_body_class":"","ocean_shortcode_before_top_bar":"","ocean_shortcode_after_top_bar":"","ocean_shortcode_before_header":"","ocean_shortcode_after_header":"","ocean_has_shortcode":"","ocean_shortcode_after_title":"","ocean_shortcode_before_footer_widgets":"","ocean_shortcode_after_footer_widgets":"","ocean_shortcode_before_footer_bottom":"","ocean_shortcode_after_footer_bottom":"","ocean_display_top_bar":"off","ocean_display_header":"default","ocean_header_style":"","ocean_center_header_left_menu":"","ocean_custom_header_template":"","ocean_custom_logo":0,"ocean_custom_retina_logo":0,"ocean_custom_logo_max_width":0,"ocean_custom_logo_tablet_max_width":0,"ocean_custom_logo_mobile_max_width":0,"ocean_custom_logo_max_height":0,"ocean_custom_logo_tablet_max_height":0,"ocean_custom_logo_mobile_max_height":0,"ocean_header_custom_menu":"","ocean_menu_typo_font_family":"","ocean_menu_typo_font_subset":"","ocean_menu_typo_font_size":0,"ocean_menu_typo_font_size_tablet":0,"ocean_menu_typo_font_size_mobile":0,"ocean_menu_typo_font_size_unit":"px","ocean_menu_typo_font_weight":"","ocean_menu_typo_font_weight_tablet":"","ocean_menu_typo_font_weight_mobile":"","ocean_menu_typo_transform":"","ocean_menu_typo_transform_tablet":"","ocean_menu_typo_transform_mobile":"","ocean_menu_typo_line_height":0,"ocean_menu_typo_line_height_tablet":0,"ocean_menu_typo_line_height_mobile":0,"ocean_menu_typo_line_height_unit":"","ocean_menu_typo_spacing":0,"ocean_menu_typo_spacing_tablet":0,"ocean_menu_typo_spacing_mobile":0,"ocean_menu_typo_spacing_unit":"","ocean_menu_link_color":"","ocean_menu_link_color_hover":"","ocean_menu_link_color_active":"","ocean_menu_link_background":"","ocean_menu_link_hover_background":"","ocean_menu_link_active_background":"","ocean_menu_social_links_bg":"","ocean_menu_social_hover_links_bg":"","ocean_menu_social_links_color":"","ocean_menu_social_hover_links_color":"","ocean_disable_title":"on","ocean_disable_heading":"default","ocean_post_title":"","ocean_post_subheading":"","ocean_post_title_style":"","ocean_post_title_background_color":"","ocean_post_title_background":0,"ocean_post_title_bg_image_position":"","ocean_post_title_bg_image_attachment":"","ocean_post_title_bg_image_repeat":"","ocean_post_title_bg_image_size":"","ocean_post_title_height":0,"ocean_post_title_bg_overlay":0.5,"ocean_post_title_bg_overlay_color":"","ocean_disable_breadcrumbs":"default","ocean_breadcrumbs_color":"","ocean_breadcrumbs_separator_color":"","ocean_breadcrumbs_links_color":"","ocean_breadcrumbs_links_hover_color":"","ocean_display_footer_widgets":"off","ocean_display_footer_bottom":"off","ocean_custom_footer_template":"","footnotes":""},"class_list":["post-113","page","type-page","status-publish","hentry","entry"],"_links":{"self":[{"href":"https:\/\/tirolerinnern.at\/kirchbichl\/wp-json\/wp\/v2\/pages\/113","targetHints":{"allow":["GET"]}}],"collection":[{"href":"https:\/\/tirolerinnern.at\/kirchbichl\/wp-json\/wp\/v2\/pages"}],"about":[{"href":"https:\/\/tirolerinnern.at\/kirchbichl\/wp-json\/wp\/v2\/types\/page"}],"author":[{"embeddable":true,"href":"https:\/\/tirolerinnern.at\/kirchbichl\/wp-json\/wp\/v2\/users\/1"}],"replies":[{"embeddable":true,"href":"https:\/\/tirolerinnern.at\/kirchbichl\/wp-json\/wp\/v2\/comments?post=113"}],"version-history":[{"count":227,"href":"https:\/\/tirolerinnern.at\/kirchbichl\/wp-json\/wp\/v2\/pages\/113\/revisions"}],"predecessor-version":[{"id":2029,"href":"https:\/\/tirolerinnern.at\/kirchbichl\/wp-json\/wp\/v2\/pages\/113\/revisions\/2029"}],"wp:attachment":[{"href":"https:\/\/tirolerinnern.at\/kirchbichl\/wp-json\/wp\/v2\/media?parent=113"}],"curies":[{"name":"wp","href":"https:\/\/api.w.org\/{rel}","templated":true}]}}